{"id":2401,"date":"2020-06-29T10:17:30","date_gmt":"2020-06-29T08:17:30","guid":{"rendered":"https:\/\/naturheilpraxis-dean.de\/de\/?page_id=2401"},"modified":"2020-09-01T09:33:52","modified_gmt":"2020-09-01T07:33:52","slug":"therapie-breuss-massage","status":"publish","type":"page","link":"https:\/\/naturheilpraxis-dean.de\/de\/therapie-breuss-massage\/","title":{"rendered":"Therapie Breu\u00df-Massage"},"content":{"rendered":"<p><div class=\"fusion-fullwidth fullwidth-box fusion-builder-row-1 faded-background fusion-parallax-none nonhundred-percent-fullwidth non-hundred-percent-height-scrolling fusion-equal-height-columns fusion-no-small-visibility\" style=\"--awb-background-position:center bottom;--awb-border-radius-top-left:0px;--awb-border-radius-top-right:0px;--awb-border-radius-bottom-right:0px;--awb-border-radius-bottom-left:0px;--awb-padding-bottom:130px;--awb-background-size:cover;--awb-flex-wrap:wrap;\" ><div class=\"fullwidth-faded\" style=\"--awb-background-position:center bottom;--awb-background-image:url(https:\/\/naturheilpraxis-dean.de\/de\/wp-content\/uploads\/2017\/05\/header_dorn-breuss.jpg);--awb-background-size:cover;\" ><\/div><div class=\"fusion-builder-row fusion-row\"><div class=\"fusion-layout-column fusion_builder_column fusion-builder-column-0 fusion_builder_column_1_1 1_1 fusion-one-full fusion-column-first fusion-column-last\" style=\"--awb-padding-right:13%;--awb-padding-left:13%;--awb-bg-size:cover;\"><div class=\"fusion-column-wrapper fusion-flex-column-wrapper-legacy\"><div class=\"fusion-sep-clear\"><\/div><div class=\"fusion-separator fusion-full-width-sep\" style=\"margin-left: auto;margin-right: auto;margin-top:210px;margin-bottom:210px;width:100%;\"><\/div><div class=\"fusion-sep-clear\"><\/div><div class=\"fusion-clearfix\"><\/div><\/div><\/div><\/div><\/div><div class=\"fusion-fullwidth fullwidth-box fusion-builder-row-2 fusion-parallax-none nonhundred-percent-fullwidth non-hundred-percent-height-scrolling\" style=\"--awb-background-repeat:repeat;--awb-border-radius-top-left:0px;--awb-border-radius-top-right:0px;--awb-border-radius-bottom-right:0px;--awb-border-radius-bottom-left:0px;--awb-padding-top:50px;--awb-padding-bottom:40px;--awb-background-image:url(&quot;https:\/\/naturheilpraxis-dean.de\/de\/wp-content\/uploads\/2017\/05\/hg_braun.png&quot;);--awb-flex-wrap:wrap;\" ><div class=\"fusion-builder-row fusion-row\"><div class=\"fusion-layout-column fusion_builder_column fusion-builder-column-1 fusion_builder_column_1_1 1_1 fusion-one-full fusion-column-first fusion-column-last\" style=\"--awb-bg-size:cover;--awb-margin-bottom:0px;\"><div class=\"fusion-column-wrapper fusion-flex-column-wrapper-legacy\"><div class=\"fusion-column-content-centered\"><div class=\"fusion-column-content\"><div class=\"fusion-text fusion-text-1\"><h2 style=\"text-align: center;\">Breu\u00df-Massage<\/h2>\n<\/div><div class=\"fusion-text fusion-text-2\"><p style=\"text-align: center;\">Eine entspannende Wirbels\u00e4ulenmassage nach Rudolf Breu\u00df (Heilpraktiker, 1899-1990).<\/p>\n<\/div><div class=\"fusion-sep-clear\"><\/div><div class=\"fusion-separator fusion-full-width-sep\" style=\"margin-left: auto;margin-right: auto;margin-top:30px;margin-bottom:10px;width:100%;\"><\/div><div class=\"fusion-sep-clear\"><\/div><\/div><\/div><div class=\"fusion-clearfix\"><\/div><\/div><\/div><\/div><\/div><div class=\"fusion-fullwidth fullwidth-box fusion-builder-row-3 nonhundred-percent-fullwidth non-hundred-percent-height-scrolling\" style=\"--awb-background-repeat:repeat;--awb-border-radius-top-left:0px;--awb-border-radius-top-right:0px;--awb-border-radius-bottom-right:0px;--awb-border-radius-bottom-left:0px;--awb-padding-top:50px;--awb-padding-bottom:80px;--awb-flex-wrap:wrap;\" ><div class=\"fusion-builder-row fusion-row\"><div class=\"fusion-layout-column fusion_builder_column fusion-builder-column-2 fusion_builder_column_1_2 1_2 fusion-one-half fusion-column-first\" style=\"--awb-padding-right:10%;--awb-bg-size:cover;--awb-margin-bottom:0px;width:50%;width:calc(50% - ( ( 4% ) * 0.5 ) );margin-right: 4%;\"><div class=\"fusion-column-wrapper fusion-flex-column-wrapper-legacy\"><div class=\"fusion-column-content-centered\"><div class=\"fusion-column-content\"><div class=\"fusion-text fusion-text-3\"><h3><span style=\"color: #78b833;\">Erkl\u00e4rung<\/span><\/h3>\n<\/div><div class=\"fusion-text fusion-text-4\"><p><strong>Eine entspannende Wirbels\u00e4ulenmassage nach Rudolf Breu\u00df (Heilpraktiker,1899-1990), welche vor oder nach einer Dorn- Behandlung erfolgen kann oder auch separat.<\/strong><\/p>\n<p>Dabei wird Johanniskraut\u00f6l auf die Wirbels\u00e4ule aufgetragen und diese mit spezieller Massagetechnik gelockert und gestreckt. Auch kleinere Wirbelfehlstellungen k\u00f6nnen damit korrigiert werden.<\/p>\n<p>Unter zur Hilfenahme einer feinen Auflage von Seidenpapier, welches \u00d6lr\u00fcckst\u00e4nde und Ausscheidungen aufsaugt, wird am Schluss der Massage der gesamte K\u00f6rper \u00fcber die Wirbels\u00e4ule energetisiert.<\/p>\n<\/div><\/div><\/div><div class=\"fusion-clearfix\"><\/div><\/div><\/div><div class=\"fusion-layout-column fusion_builder_column fusion-builder-column-3 fusion_builder_column_1_2 1_2 fusion-one-half fusion-column-last\" style=\"--awb-padding-right:20px;--awb-padding-bottom:10px;--awb-padding-left:20px;--awb-bg-color:rgba(202,191,177,0.08);--awb-bg-color-hover:rgba(202,191,177,0.08);--awb-bg-size:cover;--awb-margin-bottom:0px;width:50%;width:calc(50% - ( ( 4% ) * 0.5 ) );\"><div class=\"fusion-column-wrapper fusion-flex-column-wrapper-legacy\"><div class=\"fusion-column-content-centered\"><div class=\"fusion-column-content\"><div class=\"fusion-text fusion-text-5\"><h3><span style=\"color: #78b833;\">Indikationsbeispiele<\/span><\/h3>\n<\/div><div class=\"accordian fusion-accordian\" style=\"--awb-border-size:1px;--awb-icon-size:13px;--awb-content-font-size:21px;--awb-icon-alignment:left;--awb-hover-color:rgba(255,255,255,0.1);--awb-border-color:#cabfb1;--awb-background-color:#ffffff;--awb-divider-color:#e0dede;--awb-divider-hover-color:#e0dede;--awb-icon-color:#ffffff;--awb-title-color:#bc9f2b;--awb-content-color:#a6926f;--awb-icon-box-color:#a958aa;--awb-toggle-hover-accent-color:#78b833;--awb-title-font-family:&quot;Alegreya Sans&quot;;--awb-title-font-weight:400;--awb-title-font-style:normal;--awb-title-font-size:18px;--awb-title-line-height:24px;--awb-content-font-family:&quot;Alegreya Sans&quot;;--awb-content-font-style:normal;--awb-content-font-weight:300;\"><div class=\"panel-group fusion-toggle-icon-boxed\" id=\"accordion-2401-1\"><div class=\"fusion-panel panel-default panel-fa85d8efa79719166 fusion-toggle-no-divider fusion-toggle-boxed-mode\"><div class=\"panel-heading\"><h4 class=\"panel-title toggle\" id=\"toggle_fa85d8efa79719166\"><a class=\"active\" aria-expanded=\"true\" aria-controls=\"fa85d8efa79719166\" role=\"button\" data-toggle=\"collapse\" data-parent=\"#accordion-2401-1\" data-target=\"#fa85d8efa79719166\" href=\"#fa85d8efa79719166\"><span class=\"fusion-toggle-icon-wrapper\" aria-hidden=\"true\"><i class=\"fa-fusion-box active-icon awb-icon-minus\" aria-hidden=\"true\"><\/i><i class=\"fa-fusion-box inactive-icon awb-icon-plus\" aria-hidden=\"true\"><\/i><\/span><span class=\"fusion-toggle-heading\">Anwendung<\/span><\/a><\/h4><\/div><div id=\"fa85d8efa79719166\" class=\"panel-collapse collapse in\" aria-labelledby=\"toggle_fa85d8efa79719166\"><div class=\"panel-body toggle-content fusion-clearfix\">\n<h4>Stress, Nervosit\u00e4t, Angst, Depressionen, Muskelverspannungen, Schmerzen und Hyperaktivit\u00e4t<\/h4>\n<\/div><\/div><\/div><\/div><\/div><\/div><\/div><div class=\"fusion-clearfix\"><\/div><\/div><\/div><\/div><\/div><div class=\"fusion-fullwidth fullwidth-box fusion-builder-row-4 fusion-parallax-none nonhundred-percent-fullwidth non-hundred-percent-height-scrolling fusion-no-small-visibility\" style=\"--awb-background-repeat:repeat;--awb-border-radius-top-left:0px;--awb-border-radius-top-right:0px;--awb-border-radius-bottom-right:0px;--awb-border-radius-bottom-left:0px;--awb-padding-top:60px;--awb-padding-bottom:30px;--awb-background-image:url(&quot;https:\/\/naturheilpraxis-dean.de\/de\/wp-content\/uploads\/2017\/05\/hg_braun.png&quot;);--awb-flex-wrap:wrap;\" ><div class=\"fusion-builder-row fusion-row\"><div class=\"fusion-layout-column fusion_builder_column fusion-builder-column-4 fusion_builder_column_1_6 1_6 fusion-one-sixth fusion-column-first\" style=\"--awb-bg-size:cover;width:16.666666666667%;width:calc(16.666666666667% - ( ( 4% + 4% + 4% ) * 0.16666666666667 ) );margin-right: 4%;\"><div class=\"fusion-column-wrapper fusion-flex-column-wrapper-legacy\"><div class=\"fusion-clearfix\"><\/div><\/div><\/div><div class=\"fusion-layout-column fusion_builder_column fusion-builder-column-5 fusion_builder_column_1_3 1_3 fusion-one-third\" style=\"--awb-bg-size:cover;width:33.333333333333%;width:calc(33.333333333333% - ( ( 4% + 4% + 4% ) * 0.33333333333333 ) );margin-right: 4%;\"><div class=\"fusion-column-wrapper fusion-flex-column-wrapper-legacy\"><div class=\"fusion-alignright\"><a class=\"fusion-button button-flat button-medium button-default fusion-button-default button-1 fusion-button-default-span fusion-no-small-visibility\" style=\"--button-border-radius-top-left:2px;--button-border-radius-top-right:2px;--button-border-radius-bottom-right:2px;--button-border-radius-bottom-left:2px;\" target=\"_self\" href=\"https:\/\/naturheilpraxis-dean.de\/de\/therapie-fussreflexzonentherapie\/\"><span class=\"fusion-button-icon-divider button-icon-divider-left\"><i class=\"fa-chevron-circle-left fas awb-button__icon awb-button__icon--default\" aria-hidden=\"true\"><\/i><\/span><span class=\"fusion-button-text awb-button__text awb-button__text--default fusion-button-text-left\">Fussreflexzonentherapie<\/span><\/a><\/div><div class=\"fusion-clearfix\"><\/div><\/div><\/div><div class=\"fusion-layout-column fusion_builder_column fusion-builder-column-6 fusion_builder_column_1_3 1_3 fusion-one-third\" style=\"--awb-bg-size:cover;width:33.333333333333%;width:calc(33.333333333333% - ( ( 4% + 4% + 4% ) * 0.33333333333333 ) );margin-right: 4%;\"><div class=\"fusion-column-wrapper fusion-flex-column-wrapper-legacy\"><div class=\"fusion-alignleft\"><a class=\"fusion-button button-flat button-medium button-default fusion-button-default button-2 fusion-button-default-span fusion-no-small-visibility\" style=\"--button-border-radius-top-left:2px;--button-border-radius-top-right:2px;--button-border-radius-bottom-right:2px;--button-border-radius-bottom-left:2px;\" target=\"_self\" href=\"https:\/\/naturheilpraxis-dean.de\/de\/therapie-komplexmittel-homoeopathie\/\"><span class=\"fusion-button-text awb-button__text awb-button__text--default fusion-button-text-right\">Komplexmittel &#8211; Hom\u00f6opathie<\/span><span class=\"fusion-button-icon-divider button-icon-divider-right\"><i class=\"fa-chevron-circle-right fas awb-button__icon awb-button__icon--default\" aria-hidden=\"true\"><\/i><\/span><\/a><\/div><div class=\"fusion-clearfix\"><\/div><\/div><\/div><div class=\"fusion-layout-column fusion_builder_column fusion-builder-column-7 fusion_builder_column_1_6 1_6 fusion-one-sixth fusion-column-last\" style=\"--awb-bg-size:cover;width:16.666666666667%;width:calc(16.666666666667% - ( ( 4% + 4% + 4% ) * 0.16666666666667 ) );\"><div class=\"fusion-column-wrapper fusion-flex-column-wrapper-legacy\"><div class=\"fusion-clearfix\"><\/div><\/div><\/div><\/div><\/div><div class=\"fusion-fullwidth fullwidth-box fusion-builder-row-5 fusion-parallax-none nonhundred-percent-fullwidth non-hundred-percent-height-scrolling\" style=\"--awb-border-radius-top-left:0px;--awb-border-radius-top-right:0px;--awb-border-radius-bottom-right:0px;--awb-border-radius-bottom-left:0px;--awb-padding-top:50px;--awb-padding-bottom:40px;--awb-background-image:url(&quot;https:\/\/naturheilpraxis-dean.de\/de\/wp-content\/uploads\/2017\/05\/hg_dolden_gruen.png&quot;);--awb-background-size:cover;--awb-flex-wrap:wrap;\" ><div class=\"fusion-builder-row fusion-row\"><div class=\"fusion-layout-column fusion_builder_column fusion-builder-column-8 fusion_builder_column_1_5 1_5 fusion-one-fifth fusion-column-first\" style=\"--awb-bg-size:cover;width:20%;width:calc(20% - ( ( 4% + 4% ) * 0.2 ) );margin-right: 4%;\"><div class=\"fusion-column-wrapper fusion-flex-column-wrapper-legacy\"><div class=\"fusion-clearfix\"><\/div><\/div><\/div><div class=\"fusion-layout-column fusion_builder_column fusion-builder-column-9 fusion_builder_column_3_5 3_5 fusion-three-fifth\" style=\"--awb-bg-size:cover;width:60%;width:calc(60% - ( ( 4% + 4% ) * 0.6 ) );margin-right: 4%;\"><div class=\"fusion-column-wrapper fusion-flex-column-wrapper-legacy\"><div class=\"fusion-text fusion-text-6\"><h2 style=\"text-align: center;\"><span style=\"color: #ffffff;\">Einen Termin vereinbaren<\/span><\/h2>\n<\/div><div class=\"fusion-text fusion-text-7\"><p style=\"text-align: center;\"><span style=\"color: #ffffff;\">Rufen Sie mich an oder schreiben Sie mir<\/span><\/p>\n<\/div><div class=\"fusion-aligncenter\"><a class=\"fusion-button button-flat button-xlarge button-custom fusion-button-default button-3 fusion-button-default-span fusion-button-default-type fusion-has-button-gradient\" style=\"--button_accent_color:#ffffff;--button_border_color:#ffffff;--button_accent_hover_color:#78b833;--button_border_hover_color:#78b833;--button_border_width-top:1px;--button_border_width-right:1px;--button_border_width-bottom:1px;--button_border_width-left:1px;--button-border-radius-top-left:2px;--button-border-radius-top-right:2px;--button-border-radius-bottom-right:2px;--button-border-radius-bottom-left:2px;--button_gradient_top_color:rgba(244,67,54,0);--button_gradient_bottom_color:rgba(120,184,51,0);--button_gradient_top_color_hover:#ffffff;--button_gradient_bottom_color_hover:#ffffff;\" target=\"_self\" href=\"https:\/\/naturheilpraxis-dean.de\/de\/kontakt\"><span class=\"fusion-button-text awb-button__text awb-button__text--default\">Kontakt<\/span><\/a><\/div><div class=\"fusion-clearfix\"><\/div><\/div><\/div><div class=\"fusion-layout-column fusion_builder_column fusion-builder-column-10 fusion_builder_column_1_5 1_5 fusion-one-fifth fusion-column-last\" style=\"--awb-bg-size:cover;width:20%;width:calc(20% - ( ( 4% + 4% ) * 0.2 ) );\"><div class=\"fusion-column-wrapper fusion-flex-column-wrapper-legacy\"><div class=\"fusion-clearfix\"><\/div><\/div><\/div><\/div><\/div><\/p>\n","protected":false},"excerpt":{"rendered":"","protected":false},"author":1,"featured_media":0,"parent":0,"menu_order":0,"comment_status":"closed","ping_status":"closed","template":"100-width.php","meta":{"footnotes":""},"class_list":["post-2401","page","type-page","status-publish","hentry"],"yoast_head":"<!-- This site is optimized with the Yoast SEO plugin v27.1.1 - https:\/\/yoast.com\/product\/yoast-seo-wordpress\/ -->\n<title>Therapie Breu\u00df-Massage - Naturheilpraxis Claudia Dean in Langebr\u00fcck<\/title>\n<meta name=\"description\" content=\"Ich bin ausgebildete Heilpraktikerin und behandel Patienten in ruhiger und freundlicher Atmosph\u00e4re in meiner Naturheil-Praxis in Langebr\u00fcck.\" \/>\n<meta name=\"robots\" content=\"index, follow, max-snippet:-1, max-image-preview:large, max-video-preview:-1\" \/>\n<link rel=\"canonical\" href=\"https:\/\/naturheilpraxis-dean.de\/de\/therapie-breuss-massage\/\" \/>\n<meta property=\"og:locale\" content=\"de_DE\" \/>\n<meta property=\"og:type\" content=\"article\" \/>\n<meta property=\"og:title\" content=\"Therapie Breu\u00df-Massage - Naturheilpraxis Claudia Dean in Langebr\u00fcck\" \/>\n<meta property=\"og:description\" content=\"Ich bin ausgebildete Heilpraktikerin und behandel Patienten in ruhiger und freundlicher Atmosph\u00e4re in meiner Naturheil-Praxis in Langebr\u00fcck.\" \/>\n<meta property=\"og:url\" content=\"https:\/\/naturheilpraxis-dean.de\/de\/therapie-breuss-massage\/\" \/>\n<meta property=\"og:site_name\" content=\"Naturheilpraxis Claudia Dean in Langebr\u00fcck\" \/>\n<meta property=\"article:modified_time\" content=\"2020-09-01T07:33:52+00:00\" \/>\n<meta name=\"twitter:card\" content=\"summary_large_image\" \/>\n<meta name=\"twitter:label1\" content=\"Gesch\u00e4tzte Lesezeit\" \/>\n\t<meta name=\"twitter:data1\" content=\"11\u00a0Minuten\" \/>\n<script type=\"application\/ld+json\" class=\"yoast-schema-graph\">{\"@context\":\"https:\/\/schema.org\",\"@graph\":[{\"@type\":\"WebPage\",\"@id\":\"https:\/\/naturheilpraxis-dean.de\/de\/therapie-breuss-massage\/\",\"url\":\"https:\/\/naturheilpraxis-dean.de\/de\/therapie-breuss-massage\/\",\"name\":\"Therapie Breu\u00df-Massage - Naturheilpraxis Claudia Dean in Langebr\u00fcck\",\"isPartOf\":{\"@id\":\"https:\/\/naturheilpraxis-dean.de\/de\/#website\"},\"datePublished\":\"2020-06-29T08:17:30+00:00\",\"dateModified\":\"2020-09-01T07:33:52+00:00\",\"description\":\"Ich bin ausgebildete Heilpraktikerin und behandel Patienten in ruhiger und freundlicher Atmosph\u00e4re in meiner Naturheil-Praxis in Langebr\u00fcck.\",\"breadcrumb\":{\"@id\":\"https:\/\/naturheilpraxis-dean.de\/de\/therapie-breuss-massage\/#breadcrumb\"},\"inLanguage\":\"de\",\"potentialAction\":[{\"@type\":\"ReadAction\",\"target\":[\"https:\/\/naturheilpraxis-dean.de\/de\/therapie-breuss-massage\/\"]}]},{\"@type\":\"BreadcrumbList\",\"@id\":\"https:\/\/naturheilpraxis-dean.de\/de\/therapie-breuss-massage\/#breadcrumb\",\"itemListElement\":[{\"@type\":\"ListItem\",\"position\":1,\"name\":\"Startseite\",\"item\":\"https:\/\/naturheilpraxis-dean.de\/de\/\"},{\"@type\":\"ListItem\",\"position\":2,\"name\":\"Therapie Breu\u00df-Massage\"}]},{\"@type\":\"WebSite\",\"@id\":\"https:\/\/naturheilpraxis-dean.de\/de\/#website\",\"url\":\"https:\/\/naturheilpraxis-dean.de\/de\/\",\"name\":\"Naturheilpraxis Claudia Dean in Langebr\u00fcck\",\"description\":\"Schr\u00f6pfen, Aderlass nach Hildegard v. Bingen und Baunscheidtieren, Dorn- \/Breu\u00dftherapie, Fu\u00dfreflexzonentherapie, Eigenbluttherapie, Aderlass, Pflanzenheilkunde, Hom\u00f6opathie und Spagyrik, Sch\u00fcssler-Salze, mikrobiologische Pr\u00e4parate, Algen, Naturmineralien oder orthomolekulare Medizin in Kombination mit ausgew\u00e4hlten Therapien, Ern\u00e4hrungsumstellung\",\"publisher\":{\"@id\":\"https:\/\/naturheilpraxis-dean.de\/de\/#organization\"},\"potentialAction\":[{\"@type\":\"SearchAction\",\"target\":{\"@type\":\"EntryPoint\",\"urlTemplate\":\"https:\/\/naturheilpraxis-dean.de\/de\/?s={search_term_string}\"},\"query-input\":{\"@type\":\"PropertyValueSpecification\",\"valueRequired\":true,\"valueName\":\"search_term_string\"}}],\"inLanguage\":\"de\"},{\"@type\":\"Organization\",\"@id\":\"https:\/\/naturheilpraxis-dean.de\/de\/#organization\",\"name\":\"Naturheilpraxis Claudia Dean\",\"url\":\"https:\/\/naturheilpraxis-dean.de\/de\/\",\"logo\":{\"@type\":\"ImageObject\",\"inLanguage\":\"de\",\"@id\":\"https:\/\/naturheilpraxis-dean.de\/de\/#\/schema\/logo\/image\/\",\"url\":\"https:\/\/naturheilpraxis-dean.de\/de\/wp-content\/uploads\/2017\/05\/logo_navi_big2.png\",\"contentUrl\":\"https:\/\/naturheilpraxis-dean.de\/de\/wp-content\/uploads\/2017\/05\/logo_navi_big2.png\",\"width\":350,\"height\":83,\"caption\":\"Naturheilpraxis Claudia Dean\"},\"image\":{\"@id\":\"https:\/\/naturheilpraxis-dean.de\/de\/#\/schema\/logo\/image\/\"}}]}<\/script>\n<!-- \/ Yoast SEO plugin. -->","yoast_head_json":{"title":"Therapie Breu\u00df-Massage - Naturheilpraxis Claudia Dean in Langebr\u00fcck","description":"Ich bin ausgebildete Heilpraktikerin und behandel Patienten in ruhiger und freundlicher Atmosph\u00e4re in meiner Naturheil-Praxis in Langebr\u00fcck.","robots":{"index":"index","follow":"follow","max-snippet":"max-snippet:-1","max-image-preview":"max-image-preview:large","max-video-preview":"max-video-preview:-1"},"canonical":"https:\/\/naturheilpraxis-dean.de\/de\/therapie-breuss-massage\/","og_locale":"de_DE","og_type":"article","og_title":"Therapie Breu\u00df-Massage - Naturheilpraxis Claudia Dean in Langebr\u00fcck","og_description":"Ich bin ausgebildete Heilpraktikerin und behandel Patienten in ruhiger und freundlicher Atmosph\u00e4re in meiner Naturheil-Praxis in Langebr\u00fcck.","og_url":"https:\/\/naturheilpraxis-dean.de\/de\/therapie-breuss-massage\/","og_site_name":"Naturheilpraxis Claudia Dean in Langebr\u00fcck","article_modified_time":"2020-09-01T07:33:52+00:00","twitter_card":"summary_large_image","twitter_misc":{"Gesch\u00e4tzte Lesezeit":"11\u00a0Minuten"},"schema":{"@context":"https:\/\/schema.org","@graph":[{"@type":"WebPage","@id":"https:\/\/naturheilpraxis-dean.de\/de\/therapie-breuss-massage\/","url":"https:\/\/naturheilpraxis-dean.de\/de\/therapie-breuss-massage\/","name":"Therapie Breu\u00df-Massage - Naturheilpraxis Claudia Dean in Langebr\u00fcck","isPartOf":{"@id":"https:\/\/naturheilpraxis-dean.de\/de\/#website"},"datePublished":"2020-06-29T08:17:30+00:00","dateModified":"2020-09-01T07:33:52+00:00","description":"Ich bin ausgebildete Heilpraktikerin und behandel Patienten in ruhiger und freundlicher Atmosph\u00e4re in meiner Naturheil-Praxis in Langebr\u00fcck.","breadcrumb":{"@id":"https:\/\/naturheilpraxis-dean.de\/de\/therapie-breuss-massage\/#breadcrumb"},"inLanguage":"de","potentialAction":[{"@type":"ReadAction","target":["https:\/\/naturheilpraxis-dean.de\/de\/therapie-breuss-massage\/"]}]},{"@type":"BreadcrumbList","@id":"https:\/\/naturheilpraxis-dean.de\/de\/therapie-breuss-massage\/#breadcrumb","itemListElement":[{"@type":"ListItem","position":1,"name":"Startseite","item":"https:\/\/naturheilpraxis-dean.de\/de\/"},{"@type":"ListItem","position":2,"name":"Therapie Breu\u00df-Massage"}]},{"@type":"WebSite","@id":"https:\/\/naturheilpraxis-dean.de\/de\/#website","url":"https:\/\/naturheilpraxis-dean.de\/de\/","name":"Naturheilpraxis Claudia Dean in Langebr\u00fcck","description":"Schr\u00f6pfen, Aderlass nach Hildegard v. Bingen und Baunscheidtieren, Dorn- \/Breu\u00dftherapie, Fu\u00dfreflexzonentherapie, Eigenbluttherapie, Aderlass, Pflanzenheilkunde, Hom\u00f6opathie und Spagyrik, Sch\u00fcssler-Salze, mikrobiologische Pr\u00e4parate, Algen, Naturmineralien oder orthomolekulare Medizin in Kombination mit ausgew\u00e4hlten Therapien, Ern\u00e4hrungsumstellung","publisher":{"@id":"https:\/\/naturheilpraxis-dean.de\/de\/#organization"},"potentialAction":[{"@type":"SearchAction","target":{"@type":"EntryPoint","urlTemplate":"https:\/\/naturheilpraxis-dean.de\/de\/?s={search_term_string}"},"query-input":{"@type":"PropertyValueSpecification","valueRequired":true,"valueName":"search_term_string"}}],"inLanguage":"de"},{"@type":"Organization","@id":"https:\/\/naturheilpraxis-dean.de\/de\/#organization","name":"Naturheilpraxis Claudia Dean","url":"https:\/\/naturheilpraxis-dean.de\/de\/","logo":{"@type":"ImageObject","inLanguage":"de","@id":"https:\/\/naturheilpraxis-dean.de\/de\/#\/schema\/logo\/image\/","url":"https:\/\/naturheilpraxis-dean.de\/de\/wp-content\/uploads\/2017\/05\/logo_navi_big2.png","contentUrl":"https:\/\/naturheilpraxis-dean.de\/de\/wp-content\/uploads\/2017\/05\/logo_navi_big2.png","width":350,"height":83,"caption":"Naturheilpraxis Claudia Dean"},"image":{"@id":"https:\/\/naturheilpraxis-dean.de\/de\/#\/schema\/logo\/image\/"}}]}},"_links":{"self":[{"href":"https:\/\/naturheilpraxis-dean.de\/de\/wp-json\/wp\/v2\/pages\/2401","targetHints":{"allow":["GET"]}}],"collection":[{"href":"https:\/\/naturheilpraxis-dean.de\/de\/wp-json\/wp\/v2\/pages"}],"about":[{"href":"https:\/\/naturheilpraxis-dean.de\/de\/wp-json\/wp\/v2\/types\/page"}],"author":[{"embeddable":true,"href":"https:\/\/naturheilpraxis-dean.de\/de\/wp-json\/wp\/v2\/users\/1"}],"replies":[{"embeddable":true,"href":"https:\/\/naturheilpraxis-dean.de\/de\/wp-json\/wp\/v2\/comments?post=2401"}],"version-history":[{"count":0,"href":"https:\/\/naturheilpraxis-dean.de\/de\/wp-json\/wp\/v2\/pages\/2401\/revisions"}],"wp:attachment":[{"href":"https:\/\/naturheilpraxis-dean.de\/de\/wp-json\/wp\/v2\/media?parent=2401"}],"curies":[{"name":"wp","href":"https:\/\/api.w.org\/{rel}","templated":true}]}}