{"id":1889,"date":"2017-05-19T10:16:15","date_gmt":"2017-05-19T08:16:15","guid":{"rendered":"https:\/\/naturheilpraxis-dean.de\/de\/?page_id=1889"},"modified":"2020-09-01T09:23:10","modified_gmt":"2020-09-01T07:23:10","slug":"aktuelles","status":"publish","type":"page","link":"https:\/\/naturheilpraxis-dean.de\/de\/aktuelles\/","title":{"rendered":"Aktuelles"},"content":{"rendered":"<p><div class=\"fusion-fullwidth fullwidth-box fusion-builder-row-1 faded-background fusion-parallax-none nonhundred-percent-fullwidth non-hundred-percent-height-scrolling fusion-equal-height-columns fusion-no-small-visibility\" style=\"--awb-border-radius-top-left:0px;--awb-border-radius-top-right:0px;--awb-border-radius-bottom-right:0px;--awb-border-radius-bottom-left:0px;--awb-padding-bottom:130px;--awb-background-size:cover;--awb-flex-wrap:wrap;\" ><div class=\"fullwidth-faded\" style=\"--awb-background-image:url(https:\/\/naturheilpraxis-dean.de\/de\/wp-content\/uploads\/2017\/05\/header_aktuelles2.jpg);--awb-background-size:cover;\" ><\/div><div class=\"fusion-builder-row fusion-row\"><div class=\"fusion-layout-column fusion_builder_column fusion-builder-column-0 fusion_builder_column_1_1 1_1 fusion-one-full fusion-column-first fusion-column-last\" style=\"--awb-padding-right:13%;--awb-padding-left:13%;--awb-bg-size:cover;\"><div class=\"fusion-column-wrapper fusion-flex-column-wrapper-legacy\"><div class=\"fusion-sep-clear\"><\/div><div class=\"fusion-separator fusion-full-width-sep\" style=\"margin-left: auto;margin-right: auto;margin-top:210px;margin-bottom:210px;width:100%;\"><\/div><div class=\"fusion-sep-clear\"><\/div><div class=\"fusion-clearfix\"><\/div><\/div><\/div><\/div><\/div><div class=\"fusion-fullwidth fullwidth-box fusion-builder-row-2 fusion-parallax-none nonhundred-percent-fullwidth non-hundred-percent-height-scrolling\" style=\"--awb-background-repeat:repeat;--awb-border-radius-top-left:0px;--awb-border-radius-top-right:0px;--awb-border-radius-bottom-right:0px;--awb-border-radius-bottom-left:0px;--awb-padding-top:50px;--awb-padding-bottom:50px;--awb-background-image:url(&quot;https:\/\/naturheilpraxis-dean.de\/de\/wp-content\/uploads\/2017\/05\/hg_braun.png&quot;);--awb-flex-wrap:wrap;\" ><div class=\"fusion-builder-row fusion-row\"><div class=\"fusion-layout-column fusion_builder_column fusion-builder-column-1 fusion_builder_column_1_1 1_1 fusion-one-full fusion-column-first fusion-column-last\" style=\"--awb-bg-size:cover;--awb-margin-bottom:0px;\"><div class=\"fusion-column-wrapper fusion-flex-column-wrapper-legacy\"><div class=\"fusion-column-content-centered\"><div class=\"fusion-column-content\"><div class=\"fusion-text fusion-text-1\"><h2 style=\"text-align: center;\">Aktuelles<\/h2>\n<\/div><div class=\"fusion-text fusion-text-2\"><p style=\"text-align: center;\">Hier finden Sie Informationen \u00fcber Vortr\u00e4ge, Angebote und Hinweise f\u00fcr die Saison.<\/p>\n<\/div><div class=\"fusion-sep-clear\"><\/div><div class=\"fusion-separator fusion-full-width-sep\" style=\"margin-left: auto;margin-right: auto;margin-top:30px;margin-bottom:20px;width:100%;\"><\/div><div class=\"fusion-sep-clear\"><\/div><\/div><\/div><div class=\"fusion-clearfix\"><\/div><\/div><\/div><\/div><\/div><div class=\"fusion-fullwidth fullwidth-box fusion-builder-row-3 nonhundred-percent-fullwidth non-hundred-percent-height-scrolling\" style=\"--awb-border-radius-top-left:0px;--awb-border-radius-top-right:0px;--awb-border-radius-bottom-right:0px;--awb-border-radius-bottom-left:0px;--awb-padding-top:80px;--awb-padding-bottom:50px;--awb-background-color:rgba(0,0,0,0.02);--awb-flex-wrap:wrap;\" ><div class=\"fusion-builder-row fusion-row\"><div class=\"fusion-layout-column fusion_builder_column fusion-builder-column-2 fusion_builder_column_1_1 1_1 fusion-one-full fusion-column-first fusion-column-last\" style=\"--awb-bg-size:cover;\"><div class=\"fusion-column-wrapper fusion-flex-column-wrapper-legacy\"><div class=\"fusion-blog-shortcode fusion-blog-shortcode-1 fusion-blog-archive fusion-blog-layout-grid-wrapper fusion-blog-pagination\"><style type=\"text\/css\">.fusion-blog-shortcode-1 .fusion-blog-layout-grid .fusion-post-grid{padding:20px;}.fusion-blog-shortcode-1 .fusion-posts-container{margin-left: -20px !important; margin-right:-20px !important;}<\/style><div class=\"fusion-posts-container fusion-posts-container-pagination fusion-blog-rollover fusion-blog-layout-grid fusion-blog-layout-grid-3 isotope\" data-pages=\"1\" data-grid-col-space=\"40\" style=\"margin: -20px -20px 0;min-height:500px;\"><article id=\"blog-1-post-1949\" class=\"fusion-post-grid post-1949 post type-post status-publish format-standard has-post-thumbnail hentry category-aktuelles\">\n<div class=\"fusion-post-wrapper\" style=\"background-color:rgba(255,255,255,1);border:none;\">\n\n\t\t\t<div class=\"fusion-flexslider flexslider fusion-flexslider-loading fusion-post-slideshow\" style=\"border-color:rgba(255,255,255,0);\">\n\t\t<ul class=\"slides\">\n\t\t\t\n\t\t\t\t\t\t\t\t\t\t\t\t\t\t<li><div  class=\"fusion-image-wrapper\" aria-haspopup=\"true\">\n\t\t\t\t<img decoding=\"async\" width=\"1000\" height=\"750\" src=\"https:\/\/naturheilpraxis-dean.de\/de\/wp-content\/uploads\/2017\/05\/beitrag_flyer.jpg\" class=\"attachment-full size-full wp-post-image\" alt=\"\" srcset=\"https:\/\/naturheilpraxis-dean.de\/de\/wp-content\/uploads\/2017\/05\/beitrag_flyer-200x150.jpg 200w, https:\/\/naturheilpraxis-dean.de\/de\/wp-content\/uploads\/2017\/05\/beitrag_flyer-400x300.jpg 400w, https:\/\/naturheilpraxis-dean.de\/de\/wp-content\/uploads\/2017\/05\/beitrag_flyer-600x450.jpg 600w, https:\/\/naturheilpraxis-dean.de\/de\/wp-content\/uploads\/2017\/05\/beitrag_flyer-800x600.jpg 800w, https:\/\/naturheilpraxis-dean.de\/de\/wp-content\/uploads\/2017\/05\/beitrag_flyer.jpg 1000w\" sizes=\"(min-width: 2200px) 100vw, (min-width: 794px) 307px, (min-width: 717px) 460px, (min-width: 640px) 717px, \" \/><div class=\"fusion-rollover\">\n\t<div class=\"fusion-rollover-content\">\n\n\t\t\t\t\t\t\t\t\t\t\t\t\t\t<a class=\"fusion-rollover-link\" href=\"https:\/\/naturheilpraxis-dean.de\/de\/2017\/05\/19\/flyer\/\">Meinen Flyer als Download<\/a>\n\t\t\t\n\t\t\t\t\t\t\t\t\t\t\t\t\t\t\n\t\t\t\t\t\t\t\t\n\t\t\t\t\t\t\t\t\t\t\t\t\t<div class=\"fusion-rollover-sep\"><\/div>\n\t\t\t\t\n\t\t\t\t\t\t\t\t\t\t\t\t\t\t\t\t\t\t<a class=\"fusion-rollover-gallery\" href=\"https:\/\/naturheilpraxis-dean.de\/de\/wp-content\/uploads\/2017\/05\/beitrag_flyer.jpg\" data-options=\"\" data-id=\"1949\" data-rel=\"iLightbox[gallery]\" data-title=\"\" data-caption=\"\">\n\t\t\t\t\t\tGallerie\t\t\t\t\t<\/a>\n\t\t\t\t\t\t\t\t\t\t\t\t\t\t\n\t\t\n\t\t\t\t\t\t\t\t\n\t\t\t\t\t\t\t\t\n\t\t\n\t\t\t\t\t\t<a class=\"fusion-link-wrapper\" href=\"https:\/\/naturheilpraxis-dean.de\/de\/2017\/05\/19\/flyer\/\" aria-label=\"Meinen Flyer als Download\"><\/a>\n\t<\/div>\n<\/div>\n<\/div>\n<\/li>\n\t\t\t\n\t\t\t\n\t\t\t\t\t\t\t\t\t\t\t\t\t\t\t\t\t\t\t\t\t\t\t\t\t\t\t\t\t\t\t\t\t\t\t\t\t\t\t\t\t\t\t\t\t\t\t\t\t\t\t\t\t\t\t\t\t\t\t\t\t\t\t\t\t\t\t\t<\/ul>\n\t<\/div>\n\t<div class=\"fusion-post-content-wrapper\" style=\"padding:30px 25px 20px 25px;\"><div class=\"fusion-post-content post-content\"><h2 class=\"blog-shortcode-post-title entry-title\"><a href=\"https:\/\/naturheilpraxis-dean.de\/de\/2017\/05\/19\/flyer\/\">Meinen Flyer als Download<\/a><\/h2><p class=\"fusion-single-line-meta\"><span class=\"vcard\" style=\"display: none;\"><span class=\"fn\"><\/span><\/span><span class=\"updated\" style=\"display:none;\">2024-04-11T16:10:02+02:00<\/span><span>Freitag, 19. Mai 2017<\/span><span class=\"fusion-inline-sep\">|<\/span><\/p><div class=\"fusion-content-sep sep-single sep-solid\"><\/div><div class=\"fusion-post-content-container\"><p>Wenn Sie gerade in Eile sind, schauen Sie sich doch einfach meinen Flyer an. In kurzer \u00dcbersicht lesen sie alles Wichtige \u00fcber mein Praxisangebot, meine Person, meine Adresse und Kontaktm\u00f6glichkeiten.<\/p><\/div><\/div><div class=\"fusion-meta-info\"><div class=\"fusion-alignleft\"><a class=\"fusion-read-more\" href=\"https:\/\/naturheilpraxis-dean.de\/de\/2017\/05\/19\/flyer\/\" aria-label=\"More on Meinen Flyer als Download\">Weiterlesen<\/a><\/div><div class=\"fusion-alignright\"><span>Kommentare deaktiviert<span class=\"screen-reader-text\"> f\u00fcr Meinen Flyer als Download<\/span><\/span><\/div><\/div><\/div><div class=\"fusion-clearfix\"><\/div><\/div>\n<\/article>\n<article id=\"blog-1-post-1964\" class=\"fusion-post-grid post-1964 post type-post status-publish format-standard has-post-thumbnail hentry category-aktuelles\">\n<div class=\"fusion-post-wrapper\" style=\"background-color:rgba(255,255,255,1);border:none;\">\n\n\t\t\t<div class=\"fusion-flexslider flexslider fusion-flexslider-loading fusion-post-slideshow\" style=\"border-color:rgba(255,255,255,0);\">\n\t\t<ul class=\"slides\">\n\t\t\t\n\t\t\t\t\t\t\t\t\t\t\t\t\t\t<li><div  class=\"fusion-image-wrapper\" aria-haspopup=\"true\">\n\t\t\t\t<img decoding=\"async\" width=\"1000\" height=\"750\" src=\"https:\/\/naturheilpraxis-dean.de\/de\/wp-content\/uploads\/2017\/05\/beitrag_partner.jpg\" class=\"attachment-full size-full wp-post-image\" alt=\"\" srcset=\"https:\/\/naturheilpraxis-dean.de\/de\/wp-content\/uploads\/2017\/05\/beitrag_partner-200x150.jpg 200w, https:\/\/naturheilpraxis-dean.de\/de\/wp-content\/uploads\/2017\/05\/beitrag_partner-400x300.jpg 400w, https:\/\/naturheilpraxis-dean.de\/de\/wp-content\/uploads\/2017\/05\/beitrag_partner-600x450.jpg 600w, https:\/\/naturheilpraxis-dean.de\/de\/wp-content\/uploads\/2017\/05\/beitrag_partner-800x600.jpg 800w, https:\/\/naturheilpraxis-dean.de\/de\/wp-content\/uploads\/2017\/05\/beitrag_partner.jpg 1000w\" sizes=\"(min-width: 2200px) 100vw, (min-width: 794px) 307px, (min-width: 717px) 460px, (min-width: 640px) 717px, \" \/><div class=\"fusion-rollover\">\n\t<div class=\"fusion-rollover-content\">\n\n\t\t\t\t\t\t\t\t\t\t\t\t\t\t<a class=\"fusion-rollover-link\" href=\"https:\/\/naturheilpraxis-dean.de\/de\/2017\/05\/15\/meine-partner-und-referenzen\/\">Meine Partner und Referenzen<\/a>\n\t\t\t\n\t\t\t\t\t\t\t\t\t\t\t\t\t\t\n\t\t\t\t\t\t\t\t\n\t\t\t\t\t\t\t\t\t\t\t\t\t<div class=\"fusion-rollover-sep\"><\/div>\n\t\t\t\t\n\t\t\t\t\t\t\t\t\t\t\t\t\t\t\t\t\t\t<a class=\"fusion-rollover-gallery\" href=\"https:\/\/naturheilpraxis-dean.de\/de\/wp-content\/uploads\/2017\/05\/beitrag_partner.jpg\" data-options=\"\" data-id=\"1964\" data-rel=\"iLightbox[gallery]\" data-title=\"\" data-caption=\"\">\n\t\t\t\t\t\tGallerie\t\t\t\t\t<\/a>\n\t\t\t\t\t\t\t\t\t\t\t\t\t\t\n\t\t\n\t\t\t\t\t\t\t\t\n\t\t\t\t\t\t\t\t\n\t\t\n\t\t\t\t\t\t<a class=\"fusion-link-wrapper\" href=\"https:\/\/naturheilpraxis-dean.de\/de\/2017\/05\/15\/meine-partner-und-referenzen\/\" aria-label=\"Meine Partner und Referenzen\"><\/a>\n\t<\/div>\n<\/div>\n<\/div>\n<\/li>\n\t\t\t\n\t\t\t\n\t\t\t\t\t\t\t\t\t\t\t\t\t\t\t\t\t\t\t\t\t\t\t\t\t\t\t\t\t\t\t\t\t\t\t\t\t\t\t\t\t\t\t\t\t\t\t\t\t\t\t\t\t\t\t\t\t\t\t\t\t\t\t\t\t\t\t\t<\/ul>\n\t<\/div>\n\t<div class=\"fusion-post-content-wrapper\" style=\"padding:30px 25px 20px 25px;\"><div class=\"fusion-post-content post-content\"><h2 class=\"blog-shortcode-post-title entry-title\"><a href=\"https:\/\/naturheilpraxis-dean.de\/de\/2017\/05\/15\/meine-partner-und-referenzen\/\">Meine Partner und Referenzen<\/a><\/h2><p class=\"fusion-single-line-meta\"><span class=\"vcard\" style=\"display: none;\"><span class=\"fn\"><\/span><\/span><span class=\"updated\" style=\"display:none;\">2024-04-11T16:10:10+02:00<\/span><span>Montag, 15. Mai 2017<\/span><span class=\"fusion-inline-sep\">|<\/span><\/p><div class=\"fusion-content-sep sep-single sep-solid\"><\/div><div class=\"fusion-post-content-container\"><p>Unten aufgelistet sehen Sie eine Auswahl der Partner meiner Praxis. \u00dcber die Website des Fachverbandes bekommen Sie au\u00dferdem noch einen besseren Einblick in den Berufsstand des Heilpraktikers. Vielleicht werden da ...<\/p><\/div><\/div><div class=\"fusion-meta-info\"><div class=\"fusion-alignleft\"><a class=\"fusion-read-more\" href=\"https:\/\/naturheilpraxis-dean.de\/de\/2017\/05\/15\/meine-partner-und-referenzen\/\" aria-label=\"More on Meine Partner und Referenzen\">Weiterlesen<\/a><\/div><div class=\"fusion-alignright\"><span>Kommentare deaktiviert<span class=\"screen-reader-text\"> f\u00fcr Meine Partner und Referenzen<\/span><\/span><\/div><\/div><\/div><div class=\"fusion-clearfix\"><\/div><\/div>\n<\/article>\n<article id=\"blog-1-post-202\" class=\"fusion-post-grid post-202 post type-post status-publish format-standard has-post-thumbnail hentry category-aktuelles\">\n<div class=\"fusion-post-wrapper\" style=\"background-color:rgba(255,255,255,1);border:none;\">\n\n\t\t\t<div class=\"fusion-flexslider flexslider fusion-flexslider-loading fusion-post-slideshow\" style=\"border-color:rgba(255,255,255,0);\">\n\t\t<ul class=\"slides\">\n\t\t\t\n\t\t\t\t\t\t\t\t\t\t\t\t\t\t<li><div  class=\"fusion-image-wrapper\" aria-haspopup=\"true\">\n\t\t\t\t<img decoding=\"async\" width=\"1000\" height=\"750\" src=\"https:\/\/naturheilpraxis-dean.de\/de\/wp-content\/uploads\/2016\/11\/beitrag_gutschein.jpg\" class=\"attachment-full size-full wp-post-image\" alt=\"\" srcset=\"https:\/\/naturheilpraxis-dean.de\/de\/wp-content\/uploads\/2016\/11\/beitrag_gutschein-200x150.jpg 200w, https:\/\/naturheilpraxis-dean.de\/de\/wp-content\/uploads\/2016\/11\/beitrag_gutschein-400x300.jpg 400w, https:\/\/naturheilpraxis-dean.de\/de\/wp-content\/uploads\/2016\/11\/beitrag_gutschein-600x450.jpg 600w, https:\/\/naturheilpraxis-dean.de\/de\/wp-content\/uploads\/2016\/11\/beitrag_gutschein-800x600.jpg 800w, https:\/\/naturheilpraxis-dean.de\/de\/wp-content\/uploads\/2016\/11\/beitrag_gutschein.jpg 1000w\" sizes=\"(min-width: 2200px) 100vw, (min-width: 794px) 307px, (min-width: 717px) 460px, (min-width: 640px) 717px, \" \/><div class=\"fusion-rollover\">\n\t<div class=\"fusion-rollover-content\">\n\n\t\t\t\t\t\t\t\t\t\t\t\t\t\t<a class=\"fusion-rollover-link\" href=\"https:\/\/naturheilpraxis-dean.de\/de\/2016\/11\/09\/gutschein\/\">Ein Gutschein als Geschenkidee<\/a>\n\t\t\t\n\t\t\t\t\t\t\t\t\t\t\t\t\t\t\n\t\t\t\t\t\t\t\t\n\t\t\t\t\t\t\t\t\t\t\t\t\t<div class=\"fusion-rollover-sep\"><\/div>\n\t\t\t\t\n\t\t\t\t\t\t\t\t\t\t\t\t\t\t\t\t\t\t<a class=\"fusion-rollover-gallery\" href=\"https:\/\/naturheilpraxis-dean.de\/de\/wp-content\/uploads\/2016\/11\/beitrag_gutschein.jpg\" data-options=\"\" data-id=\"202\" data-rel=\"iLightbox[gallery]\" data-title=\"\" data-caption=\"\">\n\t\t\t\t\t\tGallerie\t\t\t\t\t<\/a>\n\t\t\t\t\t\t\t\t\t\t\t\t\t\t\n\t\t\n\t\t\t\t\t\t\t\t\n\t\t\t\t\t\t\t\t\n\t\t\n\t\t\t\t\t\t<a class=\"fusion-link-wrapper\" href=\"https:\/\/naturheilpraxis-dean.de\/de\/2016\/11\/09\/gutschein\/\" aria-label=\"Ein Gutschein als Geschenkidee\"><\/a>\n\t<\/div>\n<\/div>\n<\/div>\n<\/li>\n\t\t\t\n\t\t\t\n\t\t\t\t\t\t\t\t\t\t\t\t\t\t\t\t\t\t\t\t\t\t\t\t\t\t\t\t\t\t\t\t\t\t\t\t\t\t\t\t\t\t\t\t\t\t\t\t\t\t\t\t\t\t\t\t\t\t\t\t\t\t\t\t\t\t\t\t<\/ul>\n\t<\/div>\n\t<div class=\"fusion-post-content-wrapper\" style=\"padding:30px 25px 20px 25px;\"><div class=\"fusion-post-content post-content\"><h2 class=\"blog-shortcode-post-title entry-title\"><a href=\"https:\/\/naturheilpraxis-dean.de\/de\/2016\/11\/09\/gutschein\/\">Ein Gutschein als Geschenkidee<\/a><\/h2><p class=\"fusion-single-line-meta\"><span class=\"vcard\" style=\"display: none;\"><span class=\"fn\"><\/span><\/span><span class=\"updated\" style=\"display:none;\">2024-04-11T16:10:16+02:00<\/span><span>Mittwoch, 9. November 2016<\/span><span class=\"fusion-inline-sep\">|<\/span><\/p><div class=\"fusion-content-sep sep-single sep-solid\"><\/div><div class=\"fusion-post-content-container\"><p>Suchen Sie noch eine Geschenkidee f\u00fcr Freunde oder Verwandte? Kennen Sie jemanden, der gern etwas f\u00fcr seine Gesundheit tun m\u00f6chte? Bei mir erhalten Sie Gutscheine mit einem Wert Ihrer Wahl.\r\n<\/p><\/div><\/div><div class=\"fusion-meta-info\"><div class=\"fusion-alignleft\"><a class=\"fusion-read-more\" href=\"https:\/\/naturheilpraxis-dean.de\/de\/2016\/11\/09\/gutschein\/\" aria-label=\"More on Ein Gutschein als Geschenkidee\">Weiterlesen<\/a><\/div><div class=\"fusion-alignright\"><span>Kommentare deaktiviert<span class=\"screen-reader-text\"> f\u00fcr Ein Gutschein als Geschenkidee<\/span><\/span><\/div><\/div><\/div><div class=\"fusion-clearfix\"><\/div><\/div>\n<\/article>\n<div class=\"fusion-clearfix\"><\/div><\/div><\/div><div class=\"fusion-clearfix\"><\/div><\/div><\/div><\/div><\/div><div class=\"fusion-fullwidth fullwidth-box fusion-builder-row-4 fusion-parallax-none nonhundred-percent-fullwidth non-hundred-percent-height-scrolling\" style=\"--awb-border-radius-top-left:0px;--awb-border-radius-top-right:0px;--awb-border-radius-bottom-right:0px;--awb-border-radius-bottom-left:0px;--awb-padding-top:50px;--awb-padding-bottom:40px;--awb-background-image:url(&quot;https:\/\/naturheilpraxis-dean.de\/de\/wp-content\/uploads\/2017\/05\/hg_dolden_gruen.png&quot;);--awb-background-size:cover;--awb-flex-wrap:wrap;\" ><div class=\"fusion-builder-row fusion-row\"><div class=\"fusion-layout-column fusion_builder_column fusion-builder-column-3 fusion_builder_column_1_5 1_5 fusion-one-fifth fusion-column-first\" style=\"--awb-bg-size:cover;width:20%;width:calc(20% - ( ( 4% + 4% ) * 0.2 ) );margin-right: 4%;\"><div class=\"fusion-column-wrapper fusion-flex-column-wrapper-legacy\"><div class=\"fusion-clearfix\"><\/div><\/div><\/div><div class=\"fusion-layout-column fusion_builder_column fusion-builder-column-4 fusion_builder_column_3_5 3_5 fusion-three-fifth\" style=\"--awb-bg-size:cover;width:60%;width:calc(60% - ( ( 4% + 4% ) * 0.6 ) );margin-right: 4%;\"><div class=\"fusion-column-wrapper fusion-flex-column-wrapper-legacy\"><div class=\"fusion-text fusion-text-3\"><h2 style=\"text-align: center;\"><span style=\"color: #ffffff;\">Einen Termin vereinbaren<\/span><\/h2>\n<\/div><div class=\"fusion-text fusion-text-4\"><p style=\"text-align: center;\"><span style=\"color: #ffffff;\">Rufen Sie mich an oder schreiben Sie mir<\/span><\/p>\n<\/div><div class=\"fusion-aligncenter\"><a class=\"fusion-button button-flat button-xlarge button-custom fusion-button-default button-1 fusion-button-default-span fusion-button-default-type fusion-has-button-gradient\" style=\"--button_accent_color:#ffffff;--button_border_color:#ffffff;--button_accent_hover_color:#78b833;--button_border_hover_color:#78b833;--button_border_width-top:1px;--button_border_width-right:1px;--button_border_width-bottom:1px;--button_border_width-left:1px;--button-border-radius-top-left:2px;--button-border-radius-top-right:2px;--button-border-radius-bottom-right:2px;--button-border-radius-bottom-left:2px;--button_gradient_top_color:rgba(244,67,54,0);--button_gradient_bottom_color:rgba(120,184,51,0);--button_gradient_top_color_hover:#ffffff;--button_gradient_bottom_color_hover:#ffffff;\" target=\"_self\" href=\"https:\/\/naturheilpraxis-dean.de\/de\/kontakt\"><span class=\"fusion-button-text awb-button__text awb-button__text--default\">Kontakt<\/span><\/a><\/div><div class=\"fusion-clearfix\"><\/div><\/div><\/div><div class=\"fusion-layout-column fusion_builder_column fusion-builder-column-5 fusion_builder_column_1_5 1_5 fusion-one-fifth fusion-column-last\" style=\"--awb-bg-size:cover;width:20%;width:calc(20% - ( ( 4% + 4% ) * 0.2 ) );\"><div class=\"fusion-column-wrapper fusion-flex-column-wrapper-legacy\"><div class=\"fusion-clearfix\"><\/div><\/div><\/div><\/div><\/div><\/p>\n","protected":false},"excerpt":{"rendered":"","protected":false},"author":1,"featured_media":0,"parent":0,"menu_order":0,"comment_status":"closed","ping_status":"closed","template":"100-width.php","meta":{"footnotes":""},"class_list":["post-1889","page","type-page","status-publish","hentry"],"yoast_head":"<!-- This site is optimized with the Yoast SEO plugin v27.1.1 - https:\/\/yoast.com\/product\/yoast-seo-wordpress\/ -->\n<title>Aktuelles - Naturheilpraxis Claudia Dean in Langebr\u00fcck<\/title>\n<meta name=\"description\" content=\"Ich bin ausgebildete Heilpraktikerin und behandle Kinder, Jugendliche und Erwachsene in ruhiger und freundlicher Atmosph\u00e4re in meiner Praxis in Langebr\u00fcck.\" \/>\n<meta name=\"robots\" content=\"index, follow, max-snippet:-1, max-image-preview:large, max-video-preview:-1\" \/>\n<link rel=\"canonical\" href=\"https:\/\/naturheilpraxis-dean.de\/de\/aktuelles\/\" \/>\n<meta property=\"og:locale\" content=\"de_DE\" \/>\n<meta property=\"og:type\" content=\"article\" \/>\n<meta property=\"og:title\" content=\"Aktuelles - Naturheilpraxis Claudia Dean in Langebr\u00fcck\" \/>\n<meta property=\"og:description\" content=\"Ich bin ausgebildete Heilpraktikerin und behandle Kinder, Jugendliche und Erwachsene in ruhiger und freundlicher Atmosph\u00e4re in meiner Praxis in Langebr\u00fcck.\" \/>\n<meta property=\"og:url\" content=\"https:\/\/naturheilpraxis-dean.de\/de\/aktuelles\/\" \/>\n<meta property=\"og:site_name\" content=\"Naturheilpraxis Claudia Dean in Langebr\u00fcck\" \/>\n<meta property=\"article:modified_time\" content=\"2020-09-01T07:23:10+00:00\" \/>\n<meta name=\"twitter:card\" content=\"summary_large_image\" \/>\n<meta name=\"twitter:label1\" content=\"Gesch\u00e4tzte Lesezeit\" \/>\n\t<meta name=\"twitter:data1\" content=\"6\u00a0Minuten\" \/>\n<script type=\"application\/ld+json\" class=\"yoast-schema-graph\">{\"@context\":\"https:\/\/schema.org\",\"@graph\":[{\"@type\":\"WebPage\",\"@id\":\"https:\/\/naturheilpraxis-dean.de\/de\/aktuelles\/\",\"url\":\"https:\/\/naturheilpraxis-dean.de\/de\/aktuelles\/\",\"name\":\"Aktuelles - Naturheilpraxis Claudia Dean in Langebr\u00fcck\",\"isPartOf\":{\"@id\":\"https:\/\/naturheilpraxis-dean.de\/de\/#website\"},\"datePublished\":\"2017-05-19T08:16:15+00:00\",\"dateModified\":\"2020-09-01T07:23:10+00:00\",\"description\":\"Ich bin ausgebildete Heilpraktikerin und behandle Kinder, Jugendliche und Erwachsene in ruhiger und freundlicher Atmosph\u00e4re in meiner Praxis in Langebr\u00fcck.\",\"breadcrumb\":{\"@id\":\"https:\/\/naturheilpraxis-dean.de\/de\/aktuelles\/#breadcrumb\"},\"inLanguage\":\"de\",\"potentialAction\":[{\"@type\":\"ReadAction\",\"target\":[\"https:\/\/naturheilpraxis-dean.de\/de\/aktuelles\/\"]}]},{\"@type\":\"BreadcrumbList\",\"@id\":\"https:\/\/naturheilpraxis-dean.de\/de\/aktuelles\/#breadcrumb\",\"itemListElement\":[{\"@type\":\"ListItem\",\"position\":1,\"name\":\"Startseite\",\"item\":\"https:\/\/naturheilpraxis-dean.de\/de\/\"},{\"@type\":\"ListItem\",\"position\":2,\"name\":\"Aktuelles\"}]},{\"@type\":\"WebSite\",\"@id\":\"https:\/\/naturheilpraxis-dean.de\/de\/#website\",\"url\":\"https:\/\/naturheilpraxis-dean.de\/de\/\",\"name\":\"Naturheilpraxis Claudia Dean in Langebr\u00fcck\",\"description\":\"Schr\u00f6pfen, Aderlass nach Hildegard v. Bingen und Baunscheidtieren, Dorn- \/Breu\u00dftherapie, Fu\u00dfreflexzonentherapie, Eigenbluttherapie, Aderlass, Pflanzenheilkunde, Hom\u00f6opathie und Spagyrik, Sch\u00fcssler-Salze, mikrobiologische Pr\u00e4parate, Algen, Naturmineralien oder orthomolekulare Medizin in Kombination mit ausgew\u00e4hlten Therapien, Ern\u00e4hrungsumstellung\",\"publisher\":{\"@id\":\"https:\/\/naturheilpraxis-dean.de\/de\/#organization\"},\"potentialAction\":[{\"@type\":\"SearchAction\",\"target\":{\"@type\":\"EntryPoint\",\"urlTemplate\":\"https:\/\/naturheilpraxis-dean.de\/de\/?s={search_term_string}\"},\"query-input\":{\"@type\":\"PropertyValueSpecification\",\"valueRequired\":true,\"valueName\":\"search_term_string\"}}],\"inLanguage\":\"de\"},{\"@type\":\"Organization\",\"@id\":\"https:\/\/naturheilpraxis-dean.de\/de\/#organization\",\"name\":\"Naturheilpraxis Claudia Dean\",\"url\":\"https:\/\/naturheilpraxis-dean.de\/de\/\",\"logo\":{\"@type\":\"ImageObject\",\"inLanguage\":\"de\",\"@id\":\"https:\/\/naturheilpraxis-dean.de\/de\/#\/schema\/logo\/image\/\",\"url\":\"https:\/\/naturheilpraxis-dean.de\/de\/wp-content\/uploads\/2017\/05\/logo_navi_big2.png\",\"contentUrl\":\"https:\/\/naturheilpraxis-dean.de\/de\/wp-content\/uploads\/2017\/05\/logo_navi_big2.png\",\"width\":350,\"height\":83,\"caption\":\"Naturheilpraxis Claudia Dean\"},\"image\":{\"@id\":\"https:\/\/naturheilpraxis-dean.de\/de\/#\/schema\/logo\/image\/\"}}]}<\/script>\n<!-- \/ Yoast SEO plugin. -->","yoast_head_json":{"title":"Aktuelles - Naturheilpraxis Claudia Dean in Langebr\u00fcck","description":"Ich bin ausgebildete Heilpraktikerin und behandle Kinder, Jugendliche und Erwachsene in ruhiger und freundlicher Atmosph\u00e4re in meiner Praxis in Langebr\u00fcck.","robots":{"index":"index","follow":"follow","max-snippet":"max-snippet:-1","max-image-preview":"max-image-preview:large","max-video-preview":"max-video-preview:-1"},"canonical":"https:\/\/naturheilpraxis-dean.de\/de\/aktuelles\/","og_locale":"de_DE","og_type":"article","og_title":"Aktuelles - Naturheilpraxis Claudia Dean in Langebr\u00fcck","og_description":"Ich bin ausgebildete Heilpraktikerin und behandle Kinder, Jugendliche und Erwachsene in ruhiger und freundlicher Atmosph\u00e4re in meiner Praxis in Langebr\u00fcck.","og_url":"https:\/\/naturheilpraxis-dean.de\/de\/aktuelles\/","og_site_name":"Naturheilpraxis Claudia Dean in Langebr\u00fcck","article_modified_time":"2020-09-01T07:23:10+00:00","twitter_card":"summary_large_image","twitter_misc":{"Gesch\u00e4tzte Lesezeit":"6\u00a0Minuten"},"schema":{"@context":"https:\/\/schema.org","@graph":[{"@type":"WebPage","@id":"https:\/\/naturheilpraxis-dean.de\/de\/aktuelles\/","url":"https:\/\/naturheilpraxis-dean.de\/de\/aktuelles\/","name":"Aktuelles - Naturheilpraxis Claudia Dean in Langebr\u00fcck","isPartOf":{"@id":"https:\/\/naturheilpraxis-dean.de\/de\/#website"},"datePublished":"2017-05-19T08:16:15+00:00","dateModified":"2020-09-01T07:23:10+00:00","description":"Ich bin ausgebildete Heilpraktikerin und behandle Kinder, Jugendliche und Erwachsene in ruhiger und freundlicher Atmosph\u00e4re in meiner Praxis in Langebr\u00fcck.","breadcrumb":{"@id":"https:\/\/naturheilpraxis-dean.de\/de\/aktuelles\/#breadcrumb"},"inLanguage":"de","potentialAction":[{"@type":"ReadAction","target":["https:\/\/naturheilpraxis-dean.de\/de\/aktuelles\/"]}]},{"@type":"BreadcrumbList","@id":"https:\/\/naturheilpraxis-dean.de\/de\/aktuelles\/#breadcrumb","itemListElement":[{"@type":"ListItem","position":1,"name":"Startseite","item":"https:\/\/naturheilpraxis-dean.de\/de\/"},{"@type":"ListItem","position":2,"name":"Aktuelles"}]},{"@type":"WebSite","@id":"https:\/\/naturheilpraxis-dean.de\/de\/#website","url":"https:\/\/naturheilpraxis-dean.de\/de\/","name":"Naturheilpraxis Claudia Dean in Langebr\u00fcck","description":"Schr\u00f6pfen, Aderlass nach Hildegard v. Bingen und Baunscheidtieren, Dorn- \/Breu\u00dftherapie, Fu\u00dfreflexzonentherapie, Eigenbluttherapie, Aderlass, Pflanzenheilkunde, Hom\u00f6opathie und Spagyrik, Sch\u00fcssler-Salze, mikrobiologische Pr\u00e4parate, Algen, Naturmineralien oder orthomolekulare Medizin in Kombination mit ausgew\u00e4hlten Therapien, Ern\u00e4hrungsumstellung","publisher":{"@id":"https:\/\/naturheilpraxis-dean.de\/de\/#organization"},"potentialAction":[{"@type":"SearchAction","target":{"@type":"EntryPoint","urlTemplate":"https:\/\/naturheilpraxis-dean.de\/de\/?s={search_term_string}"},"query-input":{"@type":"PropertyValueSpecification","valueRequired":true,"valueName":"search_term_string"}}],"inLanguage":"de"},{"@type":"Organization","@id":"https:\/\/naturheilpraxis-dean.de\/de\/#organization","name":"Naturheilpraxis Claudia Dean","url":"https:\/\/naturheilpraxis-dean.de\/de\/","logo":{"@type":"ImageObject","inLanguage":"de","@id":"https:\/\/naturheilpraxis-dean.de\/de\/#\/schema\/logo\/image\/","url":"https:\/\/naturheilpraxis-dean.de\/de\/wp-content\/uploads\/2017\/05\/logo_navi_big2.png","contentUrl":"https:\/\/naturheilpraxis-dean.de\/de\/wp-content\/uploads\/2017\/05\/logo_navi_big2.png","width":350,"height":83,"caption":"Naturheilpraxis Claudia Dean"},"image":{"@id":"https:\/\/naturheilpraxis-dean.de\/de\/#\/schema\/logo\/image\/"}}]}},"_links":{"self":[{"href":"https:\/\/naturheilpraxis-dean.de\/de\/wp-json\/wp\/v2\/pages\/1889","targetHints":{"allow":["GET"]}}],"collection":[{"href":"https:\/\/naturheilpraxis-dean.de\/de\/wp-json\/wp\/v2\/pages"}],"about":[{"href":"https:\/\/naturheilpraxis-dean.de\/de\/wp-json\/wp\/v2\/types\/page"}],"author":[{"embeddable":true,"href":"https:\/\/naturheilpraxis-dean.de\/de\/wp-json\/wp\/v2\/users\/1"}],"replies":[{"embeddable":true,"href":"https:\/\/naturheilpraxis-dean.de\/de\/wp-json\/wp\/v2\/comments?post=1889"}],"version-history":[{"count":0,"href":"https:\/\/naturheilpraxis-dean.de\/de\/wp-json\/wp\/v2\/pages\/1889\/revisions"}],"wp:attachment":[{"href":"https:\/\/naturheilpraxis-dean.de\/de\/wp-json\/wp\/v2\/media?parent=1889"}],"curies":[{"name":"wp","href":"https:\/\/api.w.org\/{rel}","templated":true}]}}