{"id":1766,"date":"2017-05-18T11:02:10","date_gmt":"2017-05-18T09:02:10","guid":{"rendered":"https:\/\/naturheilpraxis-dean.de\/de\/?page_id=1766"},"modified":"2020-09-01T09:27:56","modified_gmt":"2020-09-01T07:27:56","slug":"diagnostik","status":"publish","type":"page","link":"https:\/\/naturheilpraxis-dean.de\/de\/diagnostik\/","title":{"rendered":"Diagnostik"},"content":{"rendered":"<p><div class=\"fusion-fullwidth fullwidth-box fusion-builder-row-1 faded-background fusion-parallax-none nonhundred-percent-fullwidth non-hundred-percent-height-scrolling fusion-equal-height-columns fusion-no-small-visibility\" style=\"--awb-background-position:center bottom;--awb-border-radius-top-left:0px;--awb-border-radius-top-right:0px;--awb-border-radius-bottom-right:0px;--awb-border-radius-bottom-left:0px;--awb-padding-bottom:130px;--awb-background-size:cover;--awb-flex-wrap:wrap;\" ><div class=\"fullwidth-faded\" style=\"--awb-background-position:center bottom;--awb-background-image:url(https:\/\/naturheilpraxis-dean.de\/de\/wp-content\/uploads\/2017\/05\/header_diagnostik3.jpg);--awb-background-size:cover;\" ><\/div><div class=\"fusion-builder-row fusion-row\"><div class=\"fusion-layout-column fusion_builder_column fusion-builder-column-0 fusion_builder_column_1_1 1_1 fusion-one-full fusion-column-first fusion-column-last\" style=\"--awb-padding-right:13%;--awb-padding-left:13%;--awb-bg-size:cover;\"><div class=\"fusion-column-wrapper fusion-flex-column-wrapper-legacy\"><div class=\"fusion-sep-clear\"><\/div><div class=\"fusion-separator fusion-full-width-sep\" style=\"margin-left: auto;margin-right: auto;margin-top:210px;margin-bottom:210px;width:100%;\"><\/div><div class=\"fusion-sep-clear\"><\/div><div class=\"fusion-clearfix\"><\/div><\/div><\/div><\/div><\/div><div class=\"fusion-fullwidth fullwidth-box fusion-builder-row-2 fusion-parallax-none nonhundred-percent-fullwidth non-hundred-percent-height-scrolling\" style=\"--awb-background-repeat:repeat;--awb-border-radius-top-left:0px;--awb-border-radius-top-right:0px;--awb-border-radius-bottom-right:0px;--awb-border-radius-bottom-left:0px;--awb-padding-top:50px;--awb-padding-bottom:50px;--awb-background-image:url(&quot;https:\/\/naturheilpraxis-dean.de\/de\/wp-content\/uploads\/2017\/05\/hg_braun.png&quot;);--awb-flex-wrap:wrap;\" ><div class=\"fusion-builder-row fusion-row\"><div class=\"fusion-layout-column fusion_builder_column fusion-builder-column-1 fusion_builder_column_1_1 1_1 fusion-one-full fusion-column-first fusion-column-last\" style=\"--awb-bg-size:cover;--awb-margin-bottom:0px;\"><div class=\"fusion-column-wrapper fusion-flex-column-wrapper-legacy\"><div class=\"fusion-column-content-centered\"><div class=\"fusion-column-content\"><div class=\"fusion-text fusion-text-1\"><h2 style=\"text-align: center;\">Diagnostik<\/h2>\n<\/div><div class=\"fusion-text fusion-text-2\"><p style=\"text-align: center;\">Mit einem ausf\u00fchrlichen Gespr\u00e4ch \u00fcber Ihre Beschwerden verschaffe ich mir durch gezielte Fragestellung zur Ursachenfindung unter Ber\u00fccksichtigung vorhandener Befunde, Kranken- und Familienhistorien, Arbeits- und Lebensgewohnheiten einen ersten Eindruck.<\/p>\n<\/div><div class=\"fusion-sep-clear\"><\/div><div class=\"fusion-separator fusion-full-width-sep\" style=\"margin-left: auto;margin-right: auto;margin-top:30px;margin-bottom:20px;width:100%;\"><\/div><div class=\"fusion-sep-clear\"><\/div><\/div><\/div><div class=\"fusion-clearfix\"><\/div><\/div><\/div><\/div><\/div><div class=\"fusion-fullwidth fullwidth-box fusion-builder-row-3 nonhundred-percent-fullwidth non-hundred-percent-height-scrolling\" style=\"--awb-background-repeat:repeat;--awb-border-radius-top-left:0px;--awb-border-radius-top-right:0px;--awb-border-radius-bottom-right:0px;--awb-border-radius-bottom-left:0px;--awb-padding-top:50px;--awb-padding-bottom:50px;--awb-flex-wrap:wrap;\" ><div class=\"fusion-builder-row fusion-row\"><div class=\"fusion-layout-column fusion_builder_column fusion-builder-column-2 fusion_builder_column_1_1 1_1 fusion-one-full fusion-column-first fusion-column-last\" style=\"--awb-bg-size:cover;\"><div class=\"fusion-column-wrapper fusion-flex-column-wrapper-legacy\"><div class=\"fusion-column-content-centered\"><div class=\"fusion-column-content\"><div class=\"fusion-menu-anchor\" id=\"irisdiagnose\"><\/div><div class=\"fusion-text fusion-text-3\"><h3><span style=\"color: #78b833;\">Irisdiagnose<\/span><\/h3>\n<\/div><div class=\"fusion-text fusion-text-4\"><p>Die Beobachtung des Auges reichen sowohl in die alte chinesische Medizin, zu Hippokrates ins\u00a0 3. Jahrhundert v. Ch. , ins alte \u00c4gypten als auch ins 17. Jahrhundert und weiter in die Neuzeit. Den Grundstein f\u00fcr die Augendiagnose in der jetzigen Zeit legte der Arzt \u00a0Dr. Ignaz Peczely (1826-1911) aus Budapest. Die Regenbogenhaut des Auges sowie seine Umgebung enthalten Informationen \u00fcber Veranlagungen, Schwachstellen und Belastungen in bestimmten Orten des Organismus.<\/p>\n<p>Auf der Grundlage einer Makrofotografie der Iris erstelle ich nach den sichtbaren Strukturen, Zeichen, Pigmenten, Blutgef\u00e4\u00dfen und Ph\u00e4nomenen ein individuelles Konstitutionsbild des Patienten. Damit kann schon rechtzeitig eine Tendenz im Organismus erkannt werden. Somit ist eine pr\u00e4ventive Therapie, mit z.B. einer Umstellung der Ern\u00e4hrung und den Lebensgewohnheiten, ein erster Schritt die Gesundheit zu f\u00f6rdern.<\/p>\n<p><strong>Die Irisdiagnosik dient als<\/strong> <strong>unterst\u00fctzende Ma\u00dfnahme zur Ursachenfindung und zur Konstitutionsberatung.<\/strong><\/p>\n<\/div><div class=\"fusion-sep-clear\"><\/div><div class=\"fusion-separator fusion-full-width-sep\" style=\"margin-left: auto;margin-right: auto;margin-top:20px;margin-bottom:20px;width:100%;\"><\/div><div class=\"fusion-sep-clear\"><\/div><\/div><\/div><div class=\"fusion-clearfix\"><\/div><\/div><\/div><div class=\"fusion-layout-column fusion_builder_column fusion-builder-column-3 fusion_builder_column_1_2 1_2 fusion-one-half fusion-column-first\" style=\"--awb-bg-size:cover;width:50%;width:calc(50% - ( ( 4% ) * 0.5 ) );margin-right: 4%;\"><div class=\"fusion-column-wrapper fusion-flex-column-wrapper-legacy\"><div class=\"fusion-image-element in-legacy-container\" style=\"--awb-caption-title-font-family:var(--h2_typography-font-family);--awb-caption-title-font-weight:var(--h2_typography-font-weight);--awb-caption-title-font-style:var(--h2_typography-font-style);--awb-caption-title-size:var(--h2_typography-font-size);--awb-caption-title-transform:var(--h2_typography-text-transform);--awb-caption-title-line-height:var(--h2_typography-line-height);--awb-caption-title-letter-spacing:var(--h2_typography-letter-spacing);\"><span class=\" fusion-imageframe imageframe-none imageframe-1 hover-type-zoomin\"><a href=\"https:\/\/naturheilpraxis-dean.de\/de\/wp-content\/uploads\/2017\/05\/diagnostik_01.jpg\" class=\"fusion-lightbox\" data-rel=\"iLightbox[2cd921d8df2614f4cae]\"><img decoding=\"async\" width=\"1920\" height=\"1080\" src=\"https:\/\/naturheilpraxis-dean.de\/de\/wp-content\/uploads\/2017\/05\/diagnostik_01.jpg\" alt class=\"img-responsive wp-image-2031\" srcset=\"https:\/\/naturheilpraxis-dean.de\/de\/wp-content\/uploads\/2017\/05\/diagnostik_01-200x113.jpg 200w, https:\/\/naturheilpraxis-dean.de\/de\/wp-content\/uploads\/2017\/05\/diagnostik_01-400x225.jpg 400w, https:\/\/naturheilpraxis-dean.de\/de\/wp-content\/uploads\/2017\/05\/diagnostik_01-600x338.jpg 600w, https:\/\/naturheilpraxis-dean.de\/de\/wp-content\/uploads\/2017\/05\/diagnostik_01-800x450.jpg 800w, https:\/\/naturheilpraxis-dean.de\/de\/wp-content\/uploads\/2017\/05\/diagnostik_01-1200x675.jpg 1200w, https:\/\/naturheilpraxis-dean.de\/de\/wp-content\/uploads\/2017\/05\/diagnostik_01.jpg 1920w\" sizes=\"(max-width: 960px) 100vw, 600px\" \/><\/a><\/span><\/div><div class=\"fusion-text fusion-text-5\"><h6 style=\"text-align: center;\">Irisfotografie-Ausstattung in der Praxis<\/h6>\n<\/div><div class=\"fusion-clearfix\"><\/div><\/div><\/div><div class=\"fusion-layout-column fusion_builder_column fusion-builder-column-4 fusion_builder_column_1_2 1_2 fusion-one-half fusion-column-last\" style=\"--awb-bg-size:cover;width:50%;width:calc(50% - ( ( 4% ) * 0.5 ) );\"><div class=\"fusion-column-wrapper fusion-flex-column-wrapper-legacy\"><div class=\"fusion-image-element in-legacy-container\" style=\"--awb-caption-title-font-family:var(--h2_typography-font-family);--awb-caption-title-font-weight:var(--h2_typography-font-weight);--awb-caption-title-font-style:var(--h2_typography-font-style);--awb-caption-title-size:var(--h2_typography-font-size);--awb-caption-title-transform:var(--h2_typography-text-transform);--awb-caption-title-line-height:var(--h2_typography-line-height);--awb-caption-title-letter-spacing:var(--h2_typography-letter-spacing);\"><span class=\" fusion-imageframe imageframe-none imageframe-2 hover-type-zoomin\"><a href=\"https:\/\/naturheilpraxis-dean.de\/de\/wp-content\/uploads\/2017\/05\/diagnostik_02.jpg\" class=\"fusion-lightbox\" data-rel=\"iLightbox[45b63a5e59145a21e80]\"><img decoding=\"async\" width=\"1920\" height=\"1080\" src=\"https:\/\/naturheilpraxis-dean.de\/de\/wp-content\/uploads\/2017\/05\/diagnostik_02.jpg\" alt class=\"img-responsive wp-image-2034\" srcset=\"https:\/\/naturheilpraxis-dean.de\/de\/wp-content\/uploads\/2017\/05\/diagnostik_02-200x113.jpg 200w, https:\/\/naturheilpraxis-dean.de\/de\/wp-content\/uploads\/2017\/05\/diagnostik_02-400x225.jpg 400w, https:\/\/naturheilpraxis-dean.de\/de\/wp-content\/uploads\/2017\/05\/diagnostik_02-600x338.jpg 600w, https:\/\/naturheilpraxis-dean.de\/de\/wp-content\/uploads\/2017\/05\/diagnostik_02-800x450.jpg 800w, https:\/\/naturheilpraxis-dean.de\/de\/wp-content\/uploads\/2017\/05\/diagnostik_02-1200x675.jpg 1200w, https:\/\/naturheilpraxis-dean.de\/de\/wp-content\/uploads\/2017\/05\/diagnostik_02.jpg 1920w\" sizes=\"(max-width: 960px) 100vw, 600px\" \/><\/a><\/span><\/div><div class=\"fusion-text fusion-text-6\"><h6 style=\"text-align: center;\">Fotografie einer braunen Iris<\/h6>\n<\/div><div class=\"fusion-clearfix\"><\/div><\/div><\/div><\/div><\/div><div class=\"fusion-fullwidth fullwidth-box fusion-builder-row-4 nonhundred-percent-fullwidth non-hundred-percent-height-scrolling\" style=\"--awb-background-repeat:repeat;--awb-border-radius-top-left:0px;--awb-border-radius-top-right:0px;--awb-border-radius-bottom-right:0px;--awb-border-radius-bottom-left:0px;--awb-padding-top:0px;--awb-padding-bottom:0px;--awb-flex-wrap:wrap;\" ><div class=\"fusion-builder-row fusion-row\"><div class=\"fusion-layout-column fusion_builder_column fusion-builder-column-5 fusion_builder_column_1_1 1_1 fusion-one-full fusion-column-first fusion-column-last\" style=\"--awb-padding-right:10%;--awb-bg-size:cover;--awb-margin-bottom:0px;\"><div class=\"fusion-column-wrapper fusion-flex-column-wrapper-legacy\"><div class=\"fusion-column-content-centered\"><div class=\"fusion-column-content\"><div class=\"fusion-menu-anchor\" id=\"weitereleistungen\"><\/div><div class=\"fusion-sep-clear\"><\/div><div class=\"fusion-separator fusion-full-width-sep\" style=\"margin-left: auto;margin-right: auto;width:100%;max-width:100%;\"><div class=\"fusion-separator-border sep-single\" style=\"--awb-height:20px;--awb-amount:20px;--awb-sep-color:#f8f4ee;border-color:#f8f4ee;border-top-width:1px;\"><\/div><\/div><div class=\"fusion-sep-clear\"><\/div><div class=\"fusion-text fusion-text-7\"><h3><span style=\"color: #78b833;\">Weitere Leistungen<\/span><\/h3>\n<\/div><div class=\"fusion-sep-clear\"><\/div><div class=\"fusion-separator fusion-full-width-sep\" style=\"margin-left: auto;margin-right: auto;margin-top:15px;margin-bottom:15px;width:100%;\"><\/div><div class=\"fusion-sep-clear\"><\/div><\/div><\/div><div class=\"fusion-clearfix\"><\/div><\/div><\/div><div class=\"fusion-layout-column fusion_builder_column fusion-builder-column-6 fusion_builder_column_1_3 1_3 fusion-one-third fusion-column-first\" style=\"--awb-bg-size:cover;width:33.333333333333%;width:calc(33.333333333333% - ( ( 4% + 4% ) * 0.33333333333333 ) );margin-right: 4%;\"><div class=\"fusion-column-wrapper fusion-flex-column-wrapper-legacy\"><div class=\"fusion-text fusion-text-8\"><p><strong>Laboruntersuchungen von Blut, Urin, Stuhl und Speichel<br \/>\n<\/strong><br \/>\nDurch ein Fachlabor kann &#8211; erg\u00e4nzend zur Erstanamnese &#8211; z.Bsp. ein gro\u00dfes Blutbild mit Status f\u00fcr Leber, Bauchspeicheldr\u00fcse, Nieren, Vitamine, Mineralstoffe, Fettwerte, Hormone, S\u00e4ure-Basen-Haushalt, Allergiedispositionen, Schwermetallbelastung, Darmflora und Schilddr\u00fcse durchgef\u00fchrt werden.<\/p>\n<\/div><div class=\"fusion-clearfix\"><\/div><\/div><\/div><div class=\"fusion-layout-column fusion_builder_column fusion-builder-column-7 fusion_builder_column_1_3 1_3 fusion-one-third\" style=\"--awb-bg-size:cover;width:33.333333333333%;width:calc(33.333333333333% - ( ( 4% + 4% ) * 0.33333333333333 ) );margin-right: 4%;\"><div class=\"fusion-column-wrapper fusion-flex-column-wrapper-legacy\"><div class=\"fusion-text fusion-text-9\"><p><strong>Verbesserung der Lebensqualit\u00e4t durch Bach-Bl\u00fcten-Essenzen<br \/>\n<\/strong><br \/>\nGespr\u00e4ch \u00fcber die Einsatzm\u00f6glichkeiten der Bachbl\u00fctenessenzen zur Verbesserung der Lebensqualit\u00e4t und zur Unterst\u00fctzung des Wohlbefindens unter Zuhilfenahme von Frageb\u00f6gen. Erstellung einer individuellen Bach-Bl\u00fctenmischung (auf Rezept).<\/p>\n<\/div><div class=\"fusion-clearfix\"><\/div><\/div><\/div><div class=\"fusion-layout-column fusion_builder_column fusion-builder-column-8 fusion_builder_column_1_3 1_3 fusion-one-third fusion-column-last\" style=\"--awb-bg-size:cover;width:33.333333333333%;width:calc(33.333333333333% - ( ( 4% + 4% ) * 0.33333333333333 ) );\"><div class=\"fusion-column-wrapper fusion-flex-column-wrapper-legacy\"><div class=\"fusion-text fusion-text-10\"><p><strong>Eingehende k\u00f6rperliche Untersuchung des Patienten<\/strong><\/p>\n<p>Verschaffung eines Gesamteindruckes mit notwendigen Untersuchungen von einzelnen K\u00f6rpersystemen je nach Beschwerdebild.<\/p>\n<\/div><div class=\"fusion-clearfix\"><\/div><\/div><\/div><div class=\"fusion-layout-column fusion_builder_column fusion-builder-column-9 fusion_builder_column_1_1 1_1 fusion-one-full fusion-column-first fusion-column-last\" style=\"--awb-bg-size:cover;\"><div class=\"fusion-column-wrapper fusion-flex-column-wrapper-legacy\"><div class=\"fusion-text fusion-text-11\"><p><strong>Kinesiologische Austestung von Nahrungs- und Nahrungserg\u00e4nzungsmitteln sowie naturheilkundlichen Arzneien<\/strong><\/p>\n<p>In diesem Muskeltestverfahren (siehe Weiteres unter Kinesiologie) werden st\u00e4rkende, schw\u00e4chende und neutrale Nahrungs- und Nahrungserg\u00e4nzungsmittel identifiziert, um eine individuell abgestimmte Ern\u00e4hrungsweise zu unterst\u00fctzen. Ebenso k\u00f6nnen auch naturheilkundliche Arzneien auf Vertr\u00e4glichkeit und Dosierung ausgetestet werden.<\/p>\n<\/div><div class=\"fusion-clearfix\"><\/div><\/div><\/div><div class=\"fusion-layout-column fusion_builder_column fusion-builder-column-10 fusion_builder_column_1_1 1_1 fusion-one-full fusion-column-first fusion-column-last\" style=\"--awb-bg-size:cover;\"><div class=\"fusion-column-wrapper fusion-flex-column-wrapper-legacy\"><div class=\"fusion-sep-clear\"><\/div><div class=\"fusion-separator fusion-full-width-sep\" style=\"margin-left: auto;margin-right: auto;margin-top:15px;width:100%;\"><\/div><div class=\"fusion-sep-clear\"><\/div><div class=\"fusion-clearfix\"><\/div><\/div><\/div><\/div><\/div><div class=\"fusion-fullwidth fullwidth-box fusion-builder-row-5 fusion-parallax-none nonhundred-percent-fullwidth non-hundred-percent-height-scrolling\" style=\"--awb-border-radius-top-left:0px;--awb-border-radius-top-right:0px;--awb-border-radius-bottom-right:0px;--awb-border-radius-bottom-left:0px;--awb-padding-top:50px;--awb-padding-bottom:40px;--awb-background-image:url(&quot;https:\/\/naturheilpraxis-dean.de\/de\/wp-content\/uploads\/2017\/05\/hg_dolden_gruen.png&quot;);--awb-background-size:cover;--awb-flex-wrap:wrap;\" ><div class=\"fusion-builder-row fusion-row\"><div class=\"fusion-layout-column fusion_builder_column fusion-builder-column-11 fusion_builder_column_1_5 1_5 fusion-one-fifth fusion-column-first\" style=\"--awb-bg-size:cover;width:20%;width:calc(20% - ( ( 4% + 4% ) * 0.2 ) );margin-right: 4%;\"><div class=\"fusion-column-wrapper fusion-flex-column-wrapper-legacy\"><div class=\"fusion-clearfix\"><\/div><\/div><\/div><div class=\"fusion-layout-column fusion_builder_column fusion-builder-column-12 fusion_builder_column_3_5 3_5 fusion-three-fifth\" style=\"--awb-bg-size:cover;width:60%;width:calc(60% - ( ( 4% + 4% ) * 0.6 ) );margin-right: 4%;\"><div class=\"fusion-column-wrapper fusion-flex-column-wrapper-legacy\"><div class=\"fusion-text fusion-text-12\"><h2 style=\"text-align: center;\"><span style=\"color: #ffffff;\">Einen Termin vereinbaren<\/span><\/h2>\n<\/div><div class=\"fusion-text fusion-text-13\"><p style=\"text-align: center;\"><span style=\"color: #ffffff;\">Rufen Sie mich an oder schreiben Sie mir<\/span><\/p>\n<\/div><div class=\"fusion-aligncenter\"><a class=\"fusion-button button-flat button-xlarge button-custom fusion-button-default button-1 fusion-button-default-span fusion-button-default-type fusion-has-button-gradient\" style=\"--button_accent_color:#ffffff;--button_border_color:#ffffff;--button_accent_hover_color:#78b833;--button_border_hover_color:#78b833;--button_border_width-top:1px;--button_border_width-right:1px;--button_border_width-bottom:1px;--button_border_width-left:1px;--button-border-radius-top-left:2px;--button-border-radius-top-right:2px;--button-border-radius-bottom-right:2px;--button-border-radius-bottom-left:2px;--button_gradient_top_color:rgba(244,67,54,0);--button_gradient_bottom_color:rgba(120,184,51,0);--button_gradient_top_color_hover:#ffffff;--button_gradient_bottom_color_hover:#ffffff;\" target=\"_self\" href=\"https:\/\/naturheilpraxis-dean.de\/de\/kontakt\"><span class=\"fusion-button-text awb-button__text awb-button__text--default\">Kontakt<\/span><\/a><\/div><div class=\"fusion-clearfix\"><\/div><\/div><\/div><div class=\"fusion-layout-column fusion_builder_column fusion-builder-column-13 fusion_builder_column_1_5 1_5 fusion-one-fifth fusion-column-last\" style=\"--awb-bg-size:cover;width:20%;width:calc(20% - ( ( 4% + 4% ) * 0.2 ) );\"><div class=\"fusion-column-wrapper fusion-flex-column-wrapper-legacy\"><div class=\"fusion-clearfix\"><\/div><\/div><\/div><\/div><\/div><\/p>\n","protected":false},"excerpt":{"rendered":"","protected":false},"author":1,"featured_media":0,"parent":0,"menu_order":0,"comment_status":"closed","ping_status":"closed","template":"100-width.php","meta":{"footnotes":""},"class_list":["post-1766","page","type-page","status-publish","hentry"],"yoast_head":"<!-- This site is optimized with the Yoast SEO plugin v27.1.1 - https:\/\/yoast.com\/product\/yoast-seo-wordpress\/ -->\n<title>Diagnostik - Naturheilpraxis Claudia Dean in Langebr\u00fcck<\/title>\n<meta name=\"description\" content=\"Ich bin ausgebildete Heilpraktikerin und behandle Kinder, Jugendliche und Erwachsene in ruhiger und freundlicher Atmosph\u00e4re in meiner Praxis in Langebr\u00fcck.\" \/>\n<meta name=\"robots\" content=\"index, follow, max-snippet:-1, max-image-preview:large, max-video-preview:-1\" \/>\n<link rel=\"canonical\" href=\"https:\/\/naturheilpraxis-dean.de\/de\/diagnostik\/\" \/>\n<meta property=\"og:locale\" content=\"de_DE\" \/>\n<meta property=\"og:type\" content=\"article\" \/>\n<meta property=\"og:title\" content=\"Diagnostik - Naturheilpraxis Claudia Dean in Langebr\u00fcck\" \/>\n<meta property=\"og:description\" content=\"Ich bin ausgebildete Heilpraktikerin und behandle Kinder, Jugendliche und Erwachsene in ruhiger und freundlicher Atmosph\u00e4re in meiner Praxis in Langebr\u00fcck.\" \/>\n<meta property=\"og:url\" content=\"https:\/\/naturheilpraxis-dean.de\/de\/diagnostik\/\" \/>\n<meta property=\"og:site_name\" content=\"Naturheilpraxis Claudia Dean in Langebr\u00fcck\" \/>\n<meta property=\"article:modified_time\" content=\"2020-09-01T07:27:56+00:00\" \/>\n<meta name=\"twitter:card\" content=\"summary_large_image\" \/>\n<meta name=\"twitter:label1\" content=\"Gesch\u00e4tzte Lesezeit\" \/>\n\t<meta name=\"twitter:data1\" content=\"13\u00a0Minuten\" \/>\n<script type=\"application\/ld+json\" class=\"yoast-schema-graph\">{\"@context\":\"https:\/\/schema.org\",\"@graph\":[{\"@type\":\"WebPage\",\"@id\":\"https:\/\/naturheilpraxis-dean.de\/de\/diagnostik\/\",\"url\":\"https:\/\/naturheilpraxis-dean.de\/de\/diagnostik\/\",\"name\":\"Diagnostik - Naturheilpraxis Claudia Dean in Langebr\u00fcck\",\"isPartOf\":{\"@id\":\"https:\/\/naturheilpraxis-dean.de\/de\/#website\"},\"datePublished\":\"2017-05-18T09:02:10+00:00\",\"dateModified\":\"2020-09-01T07:27:56+00:00\",\"description\":\"Ich bin ausgebildete Heilpraktikerin und behandle Kinder, Jugendliche und Erwachsene in ruhiger und freundlicher Atmosph\u00e4re in meiner Praxis in Langebr\u00fcck.\",\"breadcrumb\":{\"@id\":\"https:\/\/naturheilpraxis-dean.de\/de\/diagnostik\/#breadcrumb\"},\"inLanguage\":\"de\",\"potentialAction\":[{\"@type\":\"ReadAction\",\"target\":[\"https:\/\/naturheilpraxis-dean.de\/de\/diagnostik\/\"]}]},{\"@type\":\"BreadcrumbList\",\"@id\":\"https:\/\/naturheilpraxis-dean.de\/de\/diagnostik\/#breadcrumb\",\"itemListElement\":[{\"@type\":\"ListItem\",\"position\":1,\"name\":\"Startseite\",\"item\":\"https:\/\/naturheilpraxis-dean.de\/de\/\"},{\"@type\":\"ListItem\",\"position\":2,\"name\":\"Diagnostik\"}]},{\"@type\":\"WebSite\",\"@id\":\"https:\/\/naturheilpraxis-dean.de\/de\/#website\",\"url\":\"https:\/\/naturheilpraxis-dean.de\/de\/\",\"name\":\"Naturheilpraxis Claudia Dean in Langebr\u00fcck\",\"description\":\"Schr\u00f6pfen, Aderlass nach Hildegard v. Bingen und Baunscheidtieren, Dorn- \/Breu\u00dftherapie, Fu\u00dfreflexzonentherapie, Eigenbluttherapie, Aderlass, Pflanzenheilkunde, Hom\u00f6opathie und Spagyrik, Sch\u00fcssler-Salze, mikrobiologische Pr\u00e4parate, Algen, Naturmineralien oder orthomolekulare Medizin in Kombination mit ausgew\u00e4hlten Therapien, Ern\u00e4hrungsumstellung\",\"publisher\":{\"@id\":\"https:\/\/naturheilpraxis-dean.de\/de\/#organization\"},\"potentialAction\":[{\"@type\":\"SearchAction\",\"target\":{\"@type\":\"EntryPoint\",\"urlTemplate\":\"https:\/\/naturheilpraxis-dean.de\/de\/?s={search_term_string}\"},\"query-input\":{\"@type\":\"PropertyValueSpecification\",\"valueRequired\":true,\"valueName\":\"search_term_string\"}}],\"inLanguage\":\"de\"},{\"@type\":\"Organization\",\"@id\":\"https:\/\/naturheilpraxis-dean.de\/de\/#organization\",\"name\":\"Naturheilpraxis Claudia Dean\",\"url\":\"https:\/\/naturheilpraxis-dean.de\/de\/\",\"logo\":{\"@type\":\"ImageObject\",\"inLanguage\":\"de\",\"@id\":\"https:\/\/naturheilpraxis-dean.de\/de\/#\/schema\/logo\/image\/\",\"url\":\"https:\/\/naturheilpraxis-dean.de\/de\/wp-content\/uploads\/2017\/05\/logo_navi_big2.png\",\"contentUrl\":\"https:\/\/naturheilpraxis-dean.de\/de\/wp-content\/uploads\/2017\/05\/logo_navi_big2.png\",\"width\":350,\"height\":83,\"caption\":\"Naturheilpraxis Claudia Dean\"},\"image\":{\"@id\":\"https:\/\/naturheilpraxis-dean.de\/de\/#\/schema\/logo\/image\/\"}}]}<\/script>\n<!-- \/ Yoast SEO plugin. -->","yoast_head_json":{"title":"Diagnostik - Naturheilpraxis Claudia Dean in Langebr\u00fcck","description":"Ich bin ausgebildete Heilpraktikerin und behandle Kinder, Jugendliche und Erwachsene in ruhiger und freundlicher Atmosph\u00e4re in meiner Praxis in Langebr\u00fcck.","robots":{"index":"index","follow":"follow","max-snippet":"max-snippet:-1","max-image-preview":"max-image-preview:large","max-video-preview":"max-video-preview:-1"},"canonical":"https:\/\/naturheilpraxis-dean.de\/de\/diagnostik\/","og_locale":"de_DE","og_type":"article","og_title":"Diagnostik - Naturheilpraxis Claudia Dean in Langebr\u00fcck","og_description":"Ich bin ausgebildete Heilpraktikerin und behandle Kinder, Jugendliche und Erwachsene in ruhiger und freundlicher Atmosph\u00e4re in meiner Praxis in Langebr\u00fcck.","og_url":"https:\/\/naturheilpraxis-dean.de\/de\/diagnostik\/","og_site_name":"Naturheilpraxis Claudia Dean in Langebr\u00fcck","article_modified_time":"2020-09-01T07:27:56+00:00","twitter_card":"summary_large_image","twitter_misc":{"Gesch\u00e4tzte Lesezeit":"13\u00a0Minuten"},"schema":{"@context":"https:\/\/schema.org","@graph":[{"@type":"WebPage","@id":"https:\/\/naturheilpraxis-dean.de\/de\/diagnostik\/","url":"https:\/\/naturheilpraxis-dean.de\/de\/diagnostik\/","name":"Diagnostik - Naturheilpraxis Claudia Dean in Langebr\u00fcck","isPartOf":{"@id":"https:\/\/naturheilpraxis-dean.de\/de\/#website"},"datePublished":"2017-05-18T09:02:10+00:00","dateModified":"2020-09-01T07:27:56+00:00","description":"Ich bin ausgebildete Heilpraktikerin und behandle Kinder, Jugendliche und Erwachsene in ruhiger und freundlicher Atmosph\u00e4re in meiner Praxis in Langebr\u00fcck.","breadcrumb":{"@id":"https:\/\/naturheilpraxis-dean.de\/de\/diagnostik\/#breadcrumb"},"inLanguage":"de","potentialAction":[{"@type":"ReadAction","target":["https:\/\/naturheilpraxis-dean.de\/de\/diagnostik\/"]}]},{"@type":"BreadcrumbList","@id":"https:\/\/naturheilpraxis-dean.de\/de\/diagnostik\/#breadcrumb","itemListElement":[{"@type":"ListItem","position":1,"name":"Startseite","item":"https:\/\/naturheilpraxis-dean.de\/de\/"},{"@type":"ListItem","position":2,"name":"Diagnostik"}]},{"@type":"WebSite","@id":"https:\/\/naturheilpraxis-dean.de\/de\/#website","url":"https:\/\/naturheilpraxis-dean.de\/de\/","name":"Naturheilpraxis Claudia Dean in Langebr\u00fcck","description":"Schr\u00f6pfen, Aderlass nach Hildegard v. Bingen und Baunscheidtieren, Dorn- \/Breu\u00dftherapie, Fu\u00dfreflexzonentherapie, Eigenbluttherapie, Aderlass, Pflanzenheilkunde, Hom\u00f6opathie und Spagyrik, Sch\u00fcssler-Salze, mikrobiologische Pr\u00e4parate, Algen, Naturmineralien oder orthomolekulare Medizin in Kombination mit ausgew\u00e4hlten Therapien, Ern\u00e4hrungsumstellung","publisher":{"@id":"https:\/\/naturheilpraxis-dean.de\/de\/#organization"},"potentialAction":[{"@type":"SearchAction","target":{"@type":"EntryPoint","urlTemplate":"https:\/\/naturheilpraxis-dean.de\/de\/?s={search_term_string}"},"query-input":{"@type":"PropertyValueSpecification","valueRequired":true,"valueName":"search_term_string"}}],"inLanguage":"de"},{"@type":"Organization","@id":"https:\/\/naturheilpraxis-dean.de\/de\/#organization","name":"Naturheilpraxis Claudia Dean","url":"https:\/\/naturheilpraxis-dean.de\/de\/","logo":{"@type":"ImageObject","inLanguage":"de","@id":"https:\/\/naturheilpraxis-dean.de\/de\/#\/schema\/logo\/image\/","url":"https:\/\/naturheilpraxis-dean.de\/de\/wp-content\/uploads\/2017\/05\/logo_navi_big2.png","contentUrl":"https:\/\/naturheilpraxis-dean.de\/de\/wp-content\/uploads\/2017\/05\/logo_navi_big2.png","width":350,"height":83,"caption":"Naturheilpraxis Claudia Dean"},"image":{"@id":"https:\/\/naturheilpraxis-dean.de\/de\/#\/schema\/logo\/image\/"}}]}},"_links":{"self":[{"href":"https:\/\/naturheilpraxis-dean.de\/de\/wp-json\/wp\/v2\/pages\/1766","targetHints":{"allow":["GET"]}}],"collection":[{"href":"https:\/\/naturheilpraxis-dean.de\/de\/wp-json\/wp\/v2\/pages"}],"about":[{"href":"https:\/\/naturheilpraxis-dean.de\/de\/wp-json\/wp\/v2\/types\/page"}],"author":[{"embeddable":true,"href":"https:\/\/naturheilpraxis-dean.de\/de\/wp-json\/wp\/v2\/users\/1"}],"replies":[{"embeddable":true,"href":"https:\/\/naturheilpraxis-dean.de\/de\/wp-json\/wp\/v2\/comments?post=1766"}],"version-history":[{"count":0,"href":"https:\/\/naturheilpraxis-dean.de\/de\/wp-json\/wp\/v2\/pages\/1766\/revisions"}],"wp:attachment":[{"href":"https:\/\/naturheilpraxis-dean.de\/de\/wp-json\/wp\/v2\/media?parent=1766"}],"curies":[{"name":"wp","href":"https:\/\/api.w.org\/{rel}","templated":true}]}}